{"id":4251,"date":"2020-06-10T17:01:50","date_gmt":"2020-06-10T16:01:50","guid":{"rendered":"https:\/\/www.parcastronomicprades.cat\/historia\/"},"modified":"2025-12-08T15:05:30","modified_gmt":"2025-12-08T14:05:30","slug":"historia","status":"publish","type":"page","link":"https:\/\/www.parcastronomicprades.cat\/es\/historia\/","title":{"rendered":"Historia"},"content":{"rendered":"\t\t<div data-elementor-type=\"wp-page\" data-elementor-id=\"4251\" class=\"elementor elementor-4251 elementor-32\" data-elementor-post-type=\"page\">\n\t\t\t\t<div class=\"elementor-element elementor-element-ca83b6e e-con-full e-flex e-con e-parent\" data-id=\"ca83b6e\" data-element_type=\"container\" data-settings=\"{&quot;background_background&quot;:&quot;classic&quot;}\">\n\t\t<div class=\"elementor-element elementor-element-b45dcea e-con-full e-flex e-con e-child\" data-id=\"b45dcea\" data-element_type=\"container\">\n\t\t\t\t<div class=\"elementor-element elementor-element-174aeed elementor-widget elementor-widget-heading\" data-id=\"174aeed\" data-element_type=\"widget\" data-widget_type=\"heading.default\">\n\t\t\t\t<div class=\"elementor-widget-container\">\n\t\t\t\t\t<h1 class=\"elementor-heading-title elementor-size-default\">Historia<\/h1>\t\t\t\t<\/div>\n\t\t\t\t<\/div>\n\t\t\t\t<\/div>\n\t\t<div class=\"elementor-element elementor-element-f48a88c e-con-full elementor-hidden-mobile e-flex e-con e-child\" data-id=\"f48a88c\" data-element_type=\"container\">\n\t\t\t\t<\/div>\n\t\t\t\t<\/div>\n\t\t<div class=\"elementor-element elementor-element-0cc4bd3 e-con-full e-flex e-con e-parent\" data-id=\"0cc4bd3\" data-element_type=\"container\">\n\t\t\t\t<\/div>\n\t\t<div class=\"elementor-element elementor-element-5862a29 e-flex e-con-boxed e-con e-parent\" data-id=\"5862a29\" data-element_type=\"container\" data-settings=\"{&quot;background_background&quot;:&quot;classic&quot;}\">\n\t\t\t\t\t<div class=\"e-con-inner\">\n\t\t\t\t<div class=\"elementor-element elementor-element-81f292c elementor-widget elementor-widget-text-editor\" data-id=\"81f292c\" data-element_type=\"widget\" data-widget_type=\"text-editor.default\">\n\t\t\t\t<div class=\"elementor-widget-container\">\n\t\t\t\t\t\t\t\t\t<p>El a\u00f1o 2014 una pareja de aficionados a la astronom\u00eda,\u00a0<strong>Georgina Serven<\/strong>\u00a0y\u00a0<strong>Aleix Roig<\/strong>, se fijan en la poblaci\u00f3n de\u00a0<strong>Prades<\/strong>\u00a0por la excelente calidad de su cielo nocturno. All\u00e1\u00a0<strong>instalan su observatorio particular<\/strong>,\u00a0<a href=\"http:\/\/www.astrocat.info\/\">www.astrocat.info<\/a>\u00a0, con la mala suerte de encontrar debajo de su casa una serie de luces que emit\u00edan gran cantidad de contaminaci\u00f3n lum\u00ednica. Despu\u00e9s de unos meses de\u00a0<strong>contactos con el Ayuntamiento de Prades<\/strong>\u00a0para que \u00e9ste iniciara el cambio del alumbrado por otro respetuoso con el cielo nocturno, a finales del a\u00f1o 2015 se cambia todo el alumbrado de la calle y tambi\u00e9n el de la plaza de la Font d\u2019en Grau por luces de vapor de sodio, mucho m\u00e1s respetuosas con los cielos oscuros. En motivo de agradecimiento, env\u00edan al Ayuntamiento de Prades unas im\u00e1genes publicadas en la revista de \u00e1mbito estatal Astrum (Agrupaci\u00f3n Astron\u00f3mica de Sabadell) realizadas gracias a la oscuridad del cielo de Prades. En el mismo contacto se propone de mantener una reuni\u00f3n para valorar la posibilidad de llevar a cabo actividades de divulgaci\u00f3n de la astronom\u00eda en el municipio. La l\u00f3gica hac\u00eda pensar que si las vecinas y vecinos de Prades conoc\u00edan que tienen un valor natural \u00fanico, lo querr\u00edan y lo querr\u00edan proteger. El Ayuntamiento de Prades recibe con muy buenos ojos la propuesta y da todo el apoyo log\u00edstico para poder iniciar, el\u00a0<strong>a\u00f1o 2016<\/strong>, la\u00a0<strong>primera temporada de actividades<\/strong>\u00a0del que a partir de aquel momento se vendr\u00eda a llamar\u00a0<strong>Astroprades<\/strong>, la plataforma impulsora del Parque Astron\u00f3mico Monta\u00f1as de Prades.<\/p><p>Despu\u00e9s de la primera temporada de actividades, el verano del a\u00f1o 2016, la entidad\u00a0<strong>Astroprades<\/strong>propone en el Ayuntamiento de Prades la\u00a0<strong>creaci\u00f3n de un observatorio astron\u00f3mico<\/strong>: el\u00a0<strong>Centro Astron\u00f3mico de las Monta\u00f1as de Prades (CAMP)<\/strong>. Este tendr\u00eda que poder llevar a cabo actividades de investigaci\u00f3n cient\u00edfica, educativas, de divulgaci\u00f3n cient\u00edfica y de protecci\u00f3n de los cielos oscuros. El proyecto del CAMP inicia su camino a partir de aquel momento buscando las mejores ubicaciones para la instalaci\u00f3n del centro y ampliando la red de apoyos al proyecto. A finales del a\u00f1o 2016 se suman otras dos personas en el equipo impulsor del Parque Astron\u00f3mico de las Monta\u00f1as de Prades: Gemma Garcia y Marta Garcia.<\/p><p>Hasta 2019, la plataforma impulsora del Parque Astron\u00f3mico, Astroprades, ha llevado a cabo\u00a0<strong>actividades de astronom\u00eda<\/strong>,\u00a0<strong>cursos con expertos astrofot\u00f3grafos\u00a0<\/strong>de todo el estado, ha realizado\u00a0<strong>cenas bajo las estrellas<\/strong>, ha organizado un<strong>\u00a0Concurso de Fotograf\u00eda Nocturna\u00a0<\/strong>anual, que en 2019 comparte edici\u00f3n con el concurso organizado por el Parque Natural de la Sierra de Montsant, ha realizado observaciones con telescopios y sesiones en un nuevo\u00a0<strong>Planetario 360<\/strong>\u00ba, y, por encima de todo, ha tejido una\u00a0<strong>red de apoyo al proyecto del Parque Astron\u00f3mico Monta\u00f1as de Prades<\/strong>. Entidades locales, ayuntamientos, instituciones p\u00fablicas, empresas del territorio y vecinas y vecinos de todo el entorno de las\u00a0<strong>Monta\u00f1as de Prades y el Montsant<\/strong>se han ido sumando por el impulso de este proyecto, un proyecto de pa\u00eds\u00a0<strong>liderado por el Ayuntamiento de Prades.<\/strong><\/p><p>El verano de\u00a0<strong>2020<\/strong>nace el\u00a0<strong>Parque Astron\u00f3mico Monta\u00f1as de Prades<\/strong>\u00a0cogiendo el relevo a la entidad impulsora. Se abre al p\u00fablico el\u00a0<strong>Centro<\/strong>\u00a0<strong>de<\/strong><strong>Visitantes<\/strong>situado en Prades y adecua el\u00a0<strong><a href=\"https:\/\/www.parcastronomicprades.cat\/equipaments\/\">Mirador Astron\u00f3mico de San Roc<\/a><\/strong>.Un gran paso adelante tanto en el formato como en las propuestas que se ofrecer\u00e1n a partir de este momento. El equipo de gu\u00edas tambi\u00e9n crece consolidando el liderazgo femenino del proyecto.<\/p><p>El\u00a0<strong>Parque Astron\u00f3mico Monta\u00f1as de Prades<\/strong>\u00a0tiene como principales objetivos:<\/p><p><strong>\u2013 Protecci\u00f3n del cielo oscuro de las Monta\u00f1as de Prades y la Sierra de Montsant<\/strong><\/p><p><strong>\u2013 Investigaci\u00f3n cient\u00edfica<\/strong><\/p><p><strong>\u2013 Est\u00edmulo de vocaciones cient\u00edficas entre ni\u00f1as y chicas<\/strong><\/p><p><strong>\u2013 Divulgaci\u00f3n cient\u00edfica<\/strong><\/p>\t\t\t\t\t\t\t\t<\/div>\n\t\t\t\t<\/div>\n\t\t\t\t\t<\/div>\n\t\t\t\t<\/div>\n\t\t<div class=\"elementor-element elementor-element-0375ada e-flex e-con-boxed e-con e-parent\" data-id=\"0375ada\" data-element_type=\"container\">\n\t\t\t\t\t<div class=\"e-con-inner\">\n\t\t\t\t<div class=\"elementor-element elementor-element-1744b81 elementor-widget elementor-widget-heading\" data-id=\"1744b81\" data-element_type=\"widget\" data-widget_type=\"heading.default\">\n\t\t\t\t<div class=\"elementor-widget-container\">\n\t\t\t\t\t<h2 class=\"elementor-heading-title elementor-size-default\">Historia paso a paso<\/h2>\t\t\t\t<\/div>\n\t\t\t\t<\/div>\n\t\t\t\t<div class=\"elementor-element elementor-element-679500e elementor-widget elementor-widget-timeline-widget-addon\" data-id=\"679500e\" data-element_type=\"widget\" data-widget_type=\"timeline-widget-addon.default\">\n\t\t\t\t<div class=\"elementor-widget-container\">\n\t\t\t\t\t<!-- ========= Timeline Widget Addon For Elementor 1.6.8 ========= -->\n<div id=\"twae-wrapper-679500e\" class=\"twae-vertical twae-wrapper  twae-both-sided\">   \n    <div class=\"twae-start\"><\/div>    \n    <div id=\"twea-timeline-679500e\" class=\"twae-timeline\" ><!-- Start of Story Repeater Content --><div id=\"story-6529958\" class=\"twae-story twae-repeater-item twae-story-right twae-story-no-icon\"><!-- Story Label --><div class=\"twae-labels\"><div class=\"twae-label-small\">2014<\/div><\/div><!-- Story Icon --><div class=\"twae-icon\"><i aria-hidden=\"true\" class=\"far fa-clock\"><\/i><\/div><!-- Story Arrow --><div class=\"twae-arrow\"><\/div><!-- Start of Story Content --><div class=\"twae-content\"><!-- Story Image --><div class=\"twae-media large\"><img fetchpriority=\"high\" decoding=\"async\" width=\"1024\" height=\"672\" src=\"https:\/\/www.parcastronomicprades.cat\/wp-content\/uploads\/2025\/07\/Starless-Cygnus-Extreme-Wide-Field-Aleix-Roig-2021-1024x672-1.jpg\" class=\"attachment-large size-large\" alt=\"\" srcset=\"https:\/\/www.parcastronomicprades.cat\/wp-content\/uploads\/2025\/07\/Starless-Cygnus-Extreme-Wide-Field-Aleix-Roig-2021-1024x672-1.jpg 1024w, https:\/\/www.parcastronomicprades.cat\/wp-content\/uploads\/2025\/07\/Starless-Cygnus-Extreme-Wide-Field-Aleix-Roig-2021-1024x672-1-300x197.jpg 300w, https:\/\/www.parcastronomicprades.cat\/wp-content\/uploads\/2025\/07\/Starless-Cygnus-Extreme-Wide-Field-Aleix-Roig-2021-1024x672-1-768x504.jpg 768w, https:\/\/www.parcastronomicprades.cat\/wp-content\/uploads\/2025\/07\/Starless-Cygnus-Extreme-Wide-Field-Aleix-Roig-2021-1024x672-1-600x394.jpg 600w\" sizes=\"(max-width: 1024px) 100vw, 1024px\" \/><\/div><!-- Story Description --><div class=\"twae-description\"><p>Instalaci\u00f3n del observatorio particular Astrocat en Prades.<\/p><\/div><\/div><\/div><!-- Start of Story Repeater Content --><div id=\"story-8d39501\" class=\"twae-story twae-repeater-item twae-story-left twae-story-no-icon\"><!-- Story Label --><div class=\"twae-labels\"><div class=\"twae-label-small\">2015<\/div><\/div><!-- Story Icon --><div class=\"twae-icon\"><i aria-hidden=\"true\" class=\"far fa-clock\"><\/i><\/div><!-- Story Arrow --><div class=\"twae-arrow\"><\/div><!-- Start of Story Content --><div class=\"twae-content\"><!-- Story Image --><div class=\"twae-media large\"><img decoding=\"async\" width=\"1024\" height=\"555\" src=\"https:\/\/www.parcastronomicprades.cat\/wp-content\/uploads\/2025\/07\/no-name-The-Rosette-Nebula-NGC-2237-1-1024x555-1.jpg\" class=\"attachment-large size-large\" alt=\"\" srcset=\"https:\/\/www.parcastronomicprades.cat\/wp-content\/uploads\/2025\/07\/no-name-The-Rosette-Nebula-NGC-2237-1-1024x555-1.jpg 1024w, https:\/\/www.parcastronomicprades.cat\/wp-content\/uploads\/2025\/07\/no-name-The-Rosette-Nebula-NGC-2237-1-1024x555-1-300x163.jpg 300w, https:\/\/www.parcastronomicprades.cat\/wp-content\/uploads\/2025\/07\/no-name-The-Rosette-Nebula-NGC-2237-1-1024x555-1-768x416.jpg 768w, https:\/\/www.parcastronomicprades.cat\/wp-content\/uploads\/2025\/07\/no-name-The-Rosette-Nebula-NGC-2237-1-1024x555-1-600x325.jpg 600w\" sizes=\"(max-width: 1024px) 100vw, 1024px\" \/><\/div><!-- Story Description --><div class=\"twae-description\"><p>Contactos con el Ayuntamiento de Prades: Sustituci\u00f3n de luminarias y propuesta de actividades de divulgaci\u00f3n de la astronom\u00eda en el municipio.<\/p><\/div><\/div><\/div><!-- Start of Story Repeater Content --><div id=\"story-c3ddba4\" class=\"twae-story twae-repeater-item twae-story-right twae-story-no-icon\"><!-- Story Label --><div class=\"twae-labels\"><div class=\"twae-label-small\">2016<\/div><\/div><!-- Story Icon --><div class=\"twae-icon\"><i aria-hidden=\"true\" class=\"far fa-clock\"><\/i><\/div><!-- Story Arrow --><div class=\"twae-arrow\"><\/div><!-- Start of Story Content --><div class=\"twae-content\"><!-- Story Image --><div class=\"twae-media large\"><img decoding=\"async\" width=\"1024\" height=\"576\" src=\"https:\/\/www.parcastronomicprades.cat\/wp-content\/uploads\/2025\/07\/Circumpolar-PARC-ASTRONOMIC-MUNTANYES-DE-PRADES-1024x576-2.jpg\" class=\"attachment-large size-large\" alt=\"\" srcset=\"https:\/\/www.parcastronomicprades.cat\/wp-content\/uploads\/2025\/07\/Circumpolar-PARC-ASTRONOMIC-MUNTANYES-DE-PRADES-1024x576-2.jpg 1024w, https:\/\/www.parcastronomicprades.cat\/wp-content\/uploads\/2025\/07\/Circumpolar-PARC-ASTRONOMIC-MUNTANYES-DE-PRADES-1024x576-2-300x169.jpg 300w, https:\/\/www.parcastronomicprades.cat\/wp-content\/uploads\/2025\/07\/Circumpolar-PARC-ASTRONOMIC-MUNTANYES-DE-PRADES-1024x576-2-768x432.jpg 768w, https:\/\/www.parcastronomicprades.cat\/wp-content\/uploads\/2025\/07\/Circumpolar-PARC-ASTRONOMIC-MUNTANYES-DE-PRADES-1024x576-2-600x338.jpg 600w\" sizes=\"(max-width: 1024px) 100vw, 1024px\" \/><\/div><!-- Story Description --><div class=\"twae-description\"><p>Primera Temporada de actividades y nacimiento de Astroprades, plataforma impulsora del Parque Astron\u00f3mico.<\/p><\/div><\/div><\/div><!-- Start of Story Repeater Content --><div id=\"story-6732881\" class=\"twae-story twae-repeater-item twae-story-left twae-story-no-icon\"><!-- Story Label --><div class=\"twae-labels\"><div class=\"twae-label-small\">2018<\/div><\/div><!-- Story Icon --><div class=\"twae-icon\"><i aria-hidden=\"true\" class=\"far fa-clock\"><\/i><\/div><!-- Story Arrow --><div class=\"twae-arrow\"><\/div><!-- Start of Story Content --><div class=\"twae-content\"><!-- Story Image --><div class=\"twae-media large\"><img loading=\"lazy\" decoding=\"async\" width=\"1024\" height=\"615\" src=\"https:\/\/www.parcastronomicprades.cat\/wp-content\/uploads\/2025\/07\/Lluna-2-1024x615-1-1.jpg\" class=\"attachment-large size-large\" alt=\"\" srcset=\"https:\/\/www.parcastronomicprades.cat\/wp-content\/uploads\/2025\/07\/Lluna-2-1024x615-1-1.jpg 1024w, https:\/\/www.parcastronomicprades.cat\/wp-content\/uploads\/2025\/07\/Lluna-2-1024x615-1-1-300x180.jpg 300w, https:\/\/www.parcastronomicprades.cat\/wp-content\/uploads\/2025\/07\/Lluna-2-1024x615-1-1-768x461.jpg 768w, https:\/\/www.parcastronomicprades.cat\/wp-content\/uploads\/2025\/07\/Lluna-2-1024x615-1-1-600x360.jpg 600w\" sizes=\"(max-width: 1024px) 100vw, 1024px\" \/><\/div><!-- Story Description --><div class=\"twae-description\"><p>Inicio del proyecto del observatorio cient\u00edfico y tur\u00edstico Centro Astron\u00f3mico Monta\u00f1as de Prades.<\/p><\/div><\/div><\/div><!-- Start of Story Repeater Content --><div id=\"story-5e83e1e\" class=\"twae-story twae-repeater-item twae-story-right twae-story-no-icon\"><!-- Story Label --><div class=\"twae-labels\"><div class=\"twae-label-small\">2019<\/div><\/div><!-- Story Icon --><div class=\"twae-icon\"><i aria-hidden=\"true\" class=\"far fa-clock\"><\/i><\/div><!-- Story Arrow --><div class=\"twae-arrow\"><\/div><!-- Start of Story Content --><div class=\"twae-content\"><!-- Story Image --><div class=\"twae-media large\"><img loading=\"lazy\" decoding=\"async\" width=\"1024\" height=\"634\" src=\"https:\/\/www.parcastronomicprades.cat\/wp-content\/uploads\/2025\/07\/SessioPlanetari-1024x634-1.jpg\" class=\"attachment-large size-large\" alt=\"\" srcset=\"https:\/\/www.parcastronomicprades.cat\/wp-content\/uploads\/2025\/07\/SessioPlanetari-1024x634-1.jpg 1024w, https:\/\/www.parcastronomicprades.cat\/wp-content\/uploads\/2025\/07\/SessioPlanetari-1024x634-1-300x186.jpg 300w, https:\/\/www.parcastronomicprades.cat\/wp-content\/uploads\/2025\/07\/SessioPlanetari-1024x634-1-768x476.jpg 768w, https:\/\/www.parcastronomicprades.cat\/wp-content\/uploads\/2025\/07\/SessioPlanetari-1024x634-1-600x371.jpg 600w\" sizes=\"(max-width: 1024px) 100vw, 1024px\" \/><\/div><!-- Story Description --><div class=\"twae-description\"><p>Inicio de las Experiencias Astron\u00f3micas 360\u00ba al nuevo Planetario Full Dome.<\/p><\/div><\/div><\/div><!-- Start of Story Repeater Content --><div id=\"story-14835fe\" class=\"twae-story twae-repeater-item twae-story-left twae-story-no-icon\"><!-- Story Label --><div class=\"twae-labels\"><div class=\"twae-label-small\">2020<\/div><\/div><!-- Story Icon --><div class=\"twae-icon\"><i aria-hidden=\"true\" class=\"far fa-clock\"><\/i><\/div><!-- Story Arrow --><div class=\"twae-arrow\"><\/div><!-- Start of Story Content --><div class=\"twae-content\"><!-- Story Image --><div class=\"twae-media large\"><img loading=\"lazy\" decoding=\"async\" width=\"1024\" height=\"576\" src=\"https:\/\/www.parcastronomicprades.cat\/wp-content\/uploads\/2025\/07\/centres-educatius-PAP-1024x576-1.jpg\" class=\"attachment-large size-large\" alt=\"\" srcset=\"https:\/\/www.parcastronomicprades.cat\/wp-content\/uploads\/2025\/07\/centres-educatius-PAP-1024x576-1.jpg 1024w, https:\/\/www.parcastronomicprades.cat\/wp-content\/uploads\/2025\/07\/centres-educatius-PAP-1024x576-1-300x169.jpg 300w, https:\/\/www.parcastronomicprades.cat\/wp-content\/uploads\/2025\/07\/centres-educatius-PAP-1024x576-1-768x432.jpg 768w, https:\/\/www.parcastronomicprades.cat\/wp-content\/uploads\/2025\/07\/centres-educatius-PAP-1024x576-1-600x338.jpg 600w\" sizes=\"(max-width: 1024px) 100vw, 1024px\" \/><\/div><!-- Story Description --><div class=\"twae-description\"><p>Inauguraci\u00f3n del primer equipamiento: el Centro de Visitantes del Parque Astron\u00f3mico Monta\u00f1as de Prades.<\/p><\/div><\/div><\/div><!-- Start of Story Repeater Content --><div id=\"story-da95dbf\" class=\"twae-story twae-repeater-item twae-story-right twae-story-no-icon\"><!-- Story Label --><div class=\"twae-labels\"><div class=\"twae-label-small\"> 2021<\/div><\/div><!-- Story Icon --><div class=\"twae-icon\"><i aria-hidden=\"true\" class=\"far fa-clock\"><\/i><\/div><!-- Story Arrow --><div class=\"twae-arrow\"><\/div><!-- Start of Story Content --><div class=\"twae-content\"><!-- Story Image --><div class=\"twae-media large\"><img loading=\"lazy\" decoding=\"async\" width=\"1024\" height=\"1024\" src=\"https:\/\/www.parcastronomicprades.cat\/wp-content\/uploads\/2025\/07\/Muntanyes-de-Prades-i-Serra-de-Montsant-Destino-Turistico-Starlight-1024x1024-1.png\" class=\"attachment-large size-large\" alt=\"\" srcset=\"https:\/\/www.parcastronomicprades.cat\/wp-content\/uploads\/2025\/07\/Muntanyes-de-Prades-i-Serra-de-Montsant-Destino-Turistico-Starlight-1024x1024-1.png 1024w, https:\/\/www.parcastronomicprades.cat\/wp-content\/uploads\/2025\/07\/Muntanyes-de-Prades-i-Serra-de-Montsant-Destino-Turistico-Starlight-1024x1024-1-300x300.png 300w, https:\/\/www.parcastronomicprades.cat\/wp-content\/uploads\/2025\/07\/Muntanyes-de-Prades-i-Serra-de-Montsant-Destino-Turistico-Starlight-1024x1024-1-150x150.png 150w, https:\/\/www.parcastronomicprades.cat\/wp-content\/uploads\/2025\/07\/Muntanyes-de-Prades-i-Serra-de-Montsant-Destino-Turistico-Starlight-1024x1024-1-768x768.png 768w, https:\/\/www.parcastronomicprades.cat\/wp-content\/uploads\/2025\/07\/Muntanyes-de-Prades-i-Serra-de-Montsant-Destino-Turistico-Starlight-1024x1024-1-600x600.png 600w, https:\/\/www.parcastronomicprades.cat\/wp-content\/uploads\/2025\/07\/Muntanyes-de-Prades-i-Serra-de-Montsant-Destino-Turistico-Starlight-1024x1024-1-100x100.png 100w\" sizes=\"(max-width: 1024px) 100vw, 1024px\" \/><\/div><!-- Story Description --><div class=\"twae-description\"><p>Destino Tur\u00edstico Starlight Monta\u00f1as de Prades y Montsant y zona de protecci\u00f3n lum\u00ednica.<\/p><p>Premio Internacional Starlight por la propuesta del Parque Astron\u00f3mico en la categor\u00eda Astroturismo: el cielo como motor de desarrollo sostenible.<\/p><\/div><\/div><\/div><!-- Start of Story Repeater Content --><div id=\"story-1c7a326\" class=\"twae-story twae-repeater-item twae-story-left twae-story-no-icon\"><!-- Story Label --><div class=\"twae-labels\"><div class=\"twae-label-small\"> 2022<\/div><\/div><!-- Story Icon --><div class=\"twae-icon\"><i aria-hidden=\"true\" class=\"far fa-clock\"><\/i><\/div><!-- Story Arrow --><div class=\"twae-arrow\"><\/div><!-- Start of Story Content --><div class=\"twae-content\"><!-- Story Image --><div class=\"twae-media large\"><img loading=\"lazy\" decoding=\"async\" width=\"1024\" height=\"634\" src=\"https:\/\/www.parcastronomicprades.cat\/wp-content\/uploads\/2025\/07\/ParcAstronomicMuntanyesdePrades_r-1024x634-1.jpg\" class=\"attachment-large size-large\" alt=\"\" srcset=\"https:\/\/www.parcastronomicprades.cat\/wp-content\/uploads\/2025\/07\/ParcAstronomicMuntanyesdePrades_r-1024x634-1.jpg 1024w, https:\/\/www.parcastronomicprades.cat\/wp-content\/uploads\/2025\/07\/ParcAstronomicMuntanyesdePrades_r-1024x634-1-300x186.jpg 300w, https:\/\/www.parcastronomicprades.cat\/wp-content\/uploads\/2025\/07\/ParcAstronomicMuntanyesdePrades_r-1024x634-1-768x476.jpg 768w, https:\/\/www.parcastronomicprades.cat\/wp-content\/uploads\/2025\/07\/ParcAstronomicMuntanyesdePrades_r-1024x634-1-600x371.jpg 600w\" sizes=\"(max-width: 1024px) 100vw, 1024px\" \/><\/div><!-- Story Description --><div class=\"twae-description\"><p>Turismo experiencial: Nuevos espect\u00e1culos de astronom\u00eda y cursos de formaci\u00f3n para todos los p\u00fablicos.<\/p><\/div><\/div><\/div><!-- Start of Story Repeater Content --><div id=\"story-0d82553\" class=\"twae-story twae-repeater-item twae-story-right twae-story-no-icon\"><!-- Story Label --><div class=\"twae-labels\"><div class=\"twae-label-small\"> 2023<\/div><\/div><!-- Story Icon --><div class=\"twae-icon\"><i aria-hidden=\"true\" class=\"far fa-clock\"><\/i><\/div><!-- Story Arrow --><div class=\"twae-arrow\"><\/div><!-- Start of Story Content --><div class=\"twae-content\"><!-- Story Image --><div class=\"twae-media large\"><img loading=\"lazy\" decoding=\"async\" width=\"1024\" height=\"732\" src=\"https:\/\/www.parcastronomicprades.cat\/wp-content\/uploads\/2025\/07\/dra-selene-scaled-1-1024x732.jpg\" class=\"attachment-large size-large\" alt=\"\" srcset=\"https:\/\/www.parcastronomicprades.cat\/wp-content\/uploads\/2025\/07\/dra-selene-scaled-1-1024x732.jpg 1024w, https:\/\/www.parcastronomicprades.cat\/wp-content\/uploads\/2025\/07\/dra-selene-scaled-1-300x214.jpg 300w, https:\/\/www.parcastronomicprades.cat\/wp-content\/uploads\/2025\/07\/dra-selene-scaled-1-768x549.jpg 768w, https:\/\/www.parcastronomicprades.cat\/wp-content\/uploads\/2025\/07\/dra-selene-scaled-1-1536x1098.jpg 1536w, https:\/\/www.parcastronomicprades.cat\/wp-content\/uploads\/2025\/07\/dra-selene-scaled-1-2048x1464.jpg 2048w, https:\/\/www.parcastronomicprades.cat\/wp-content\/uploads\/2025\/07\/dra-selene-scaled-1-600x429.jpg 600w\" sizes=\"(max-width: 1024px) 100vw, 1024px\" \/><\/div><!-- Story Description --><div class=\"twae-description\"><p>La Nebulosa del Delf\u00edn fotografiada desde Prades se convierte en imagen APOD y tercera imagen escogida por p\u00fablico del A\u00f1o del concurso m\u00e1s prestigioso de astrofotograf\u00eda (Museo Mar\u00edtimo Real de Greenwich, UK).<\/p><p>Descubrimiento de la Nebulosa Roig1 Prades Sky.<\/p><p>Aleix Roig realiza un TED TALK para hablar del origen de nuestro proyecto del Parque Astron\u00f3mico de Prades.<\/p><\/div><\/div><\/div><!-- Start of Story Repeater Content --><div id=\"story-964595e\" class=\"twae-story twae-repeater-item twae-story-left twae-story-no-icon\"><!-- Story Label --><div class=\"twae-labels\"><div class=\"twae-label-small\"> 2024<\/div><\/div><!-- Story Icon --><div class=\"twae-icon\"><i aria-hidden=\"true\" class=\"far fa-clock\"><\/i><\/div><!-- Story Arrow --><div class=\"twae-arrow\"><\/div><!-- Start of Story Content --><div class=\"twae-content\"><!-- Story Image --><div class=\"twae-media full\"><img loading=\"lazy\" decoding=\"async\" width=\"256\" height=\"129\" src=\"https:\/\/www.parcastronomicprades.cat\/wp-content\/uploads\/2025\/07\/Screenshot_1.jpg\" class=\"attachment-full size-full\" alt=\"\" \/><\/div><!-- Story Description --><div class=\"twae-description\"><p>Premio Jordi Cartany\u00e0 al Mejor proyecto de Turismo Experiencial de la Costa Daurada y las Terres de l\u2019Ebre.<\/p><p>Premio Cambra a la mejor Propuesta innovadora del Baix Camp.<\/p><\/div><\/div><\/div><\/div>\n    <div class=\"twae-end\"><\/div>\n    <\/div><style type=\"text\/css\">@media (max-width: 1024px){ .twae-wrapper{--tw-ybx-size: 80px !important;}}@media (max-width: 767px){ .twae-wrapper{--tw-ybx-size: 80px !important}}<\/style>\t\t\t\t<\/div>\n\t\t\t\t<\/div>\n\t\t\t\t\t<\/div>\n\t\t\t\t<\/div>\n\t\t\t\t<\/div>\n\t\t","protected":false},"excerpt":{"rendered":"<p>El a\u00f1o 2014 una pareja de aficionados a la astronom\u00eda,\u00a0Georgina Serven\u00a0y\u00a0Aleix Roig, se fijan en la poblaci\u00f3n de\u00a0Prades\u00a0por la excelente [&hellip;]<\/p>\n","protected":false},"author":1,"featured_media":0,"parent":0,"menu_order":0,"comment_status":"closed","ping_status":"closed","template":"","meta":{"_acf_changed":false,"site-sidebar-layout":"default","site-content-layout":"","ast-site-content-layout":"default","site-content-style":"default","site-sidebar-style":"default","ast-global-header-display":"","ast-banner-title-visibility":"","ast-main-header-display":"","ast-hfb-above-header-display":"","ast-hfb-below-header-display":"","ast-hfb-mobile-header-display":"","site-post-title":"","ast-breadcrumbs-content":"","ast-featured-img":"","footer-sml-layout":"","theme-transparent-header-meta":"","adv-header-id-meta":"","stick-header-meta":"","header-above-stick-meta":"","header-main-stick-meta":"","header-below-stick-meta":"","astra-migrate-meta-layouts":"default","ast-page-background-enabled":"default","ast-page-background-meta":{"desktop":{"background-color":"var(--ast-global-color-5)","background-image":"","background-repeat":"repeat","background-position":"center center","background-size":"auto","background-attachment":"scroll","background-type":"","background-media":"","overlay-type":"","overlay-color":"","overlay-opacity":"","overlay-gradient":""},"tablet":{"background-color":"","background-image":"","background-repeat":"repeat","background-position":"center center","background-size":"auto","background-attachment":"scroll","background-type":"","background-media":"","overlay-type":"","overlay-color":"","overlay-opacity":"","overlay-gradient":""},"mobile":{"background-color":"","background-image":"","background-repeat":"repeat","background-position":"center center","background-size":"auto","background-attachment":"scroll","background-type":"","background-media":"","overlay-type":"","overlay-color":"","overlay-opacity":"","overlay-gradient":""}},"ast-content-background-meta":{"desktop":{"background-color":"var(--ast-global-color-4)","background-image":"","background-repeat":"repeat","background-position":"center center","background-size":"auto","background-attachment":"scroll","background-type":"","background-media":"","overlay-type":"","overlay-color":"","overlay-opacity":"","overlay-gradient":""},"tablet":{"background-color":"var(--ast-global-color-4)","background-image":"","background-repeat":"repeat","background-position":"center center","background-size":"auto","background-attachment":"scroll","background-type":"","background-media":"","overlay-type":"","overlay-color":"","overlay-opacity":"","overlay-gradient":""},"mobile":{"background-color":"var(--ast-global-color-4)","background-image":"","background-repeat":"repeat","background-position":"center center","background-size":"auto","background-attachment":"scroll","background-type":"","background-media":"","overlay-type":"","overlay-color":"","overlay-opacity":"","overlay-gradient":""}},"footnotes":""},"class_list":["post-4251","page","type-page","status-publish","hentry"],"acf":[],"_links":{"self":[{"href":"https:\/\/www.parcastronomicprades.cat\/es\/wp-json\/wp\/v2\/pages\/4251","targetHints":{"allow":["GET"]}}],"collection":[{"href":"https:\/\/www.parcastronomicprades.cat\/es\/wp-json\/wp\/v2\/pages"}],"about":[{"href":"https:\/\/www.parcastronomicprades.cat\/es\/wp-json\/wp\/v2\/types\/page"}],"author":[{"embeddable":true,"href":"https:\/\/www.parcastronomicprades.cat\/es\/wp-json\/wp\/v2\/users\/1"}],"replies":[{"embeddable":true,"href":"https:\/\/www.parcastronomicprades.cat\/es\/wp-json\/wp\/v2\/comments?post=4251"}],"version-history":[{"count":47,"href":"https:\/\/www.parcastronomicprades.cat\/es\/wp-json\/wp\/v2\/pages\/4251\/revisions"}],"predecessor-version":[{"id":95504,"href":"https:\/\/www.parcastronomicprades.cat\/es\/wp-json\/wp\/v2\/pages\/4251\/revisions\/95504"}],"wp:attachment":[{"href":"https:\/\/www.parcastronomicprades.cat\/es\/wp-json\/wp\/v2\/media?parent=4251"}],"curies":[{"name":"wp","href":"https:\/\/api.w.org\/{rel}","templated":true}]}}