{"id":4163,"date":"2020-06-10T17:04:05","date_gmt":"2020-06-10T16:04:05","guid":{"rendered":"https:\/\/www.parcastronomicprades.cat\/centros-educativos\/"},"modified":"2025-07-07T17:36:23","modified_gmt":"2025-07-07T16:36:23","slug":"centros-educativos","status":"publish","type":"page","link":"https:\/\/www.parcastronomicprades.cat\/es\/centros-educativos\/","title":{"rendered":"Centros educativos"},"content":{"rendered":"\t\t<div data-elementor-type=\"wp-page\" data-elementor-id=\"4163\" class=\"elementor elementor-4163 elementor-54\" data-elementor-post-type=\"page\">\n\t\t\t\t<div class=\"elementor-element elementor-element-7f01377 e-con-full e-flex e-con e-parent\" data-id=\"7f01377\" data-element_type=\"container\" data-settings=\"{&quot;background_background&quot;:&quot;classic&quot;}\">\n\t\t<div class=\"elementor-element elementor-element-415fd76 e-con-full e-flex e-con e-child\" data-id=\"415fd76\" data-element_type=\"container\">\n\t\t\t\t<div class=\"elementor-element elementor-element-0b084c6 elementor-widget elementor-widget-heading\" data-id=\"0b084c6\" data-element_type=\"widget\" data-widget_type=\"heading.default\">\n\t\t\t\t<div class=\"elementor-widget-container\">\n\t\t\t\t\t<h1 class=\"elementor-heading-title elementor-size-default\">Centros educativos<\/h1>\t\t\t\t<\/div>\n\t\t\t\t<\/div>\n\t\t\t\t<div class=\"elementor-element elementor-element-4900fe0 nogap elementor-widget elementor-widget-text-editor\" data-id=\"4900fe0\" data-element_type=\"widget\" data-widget_type=\"text-editor.default\">\n\t\t\t\t<div class=\"elementor-widget-container\">\n\t\t\t\t\t\t\t\t\t<p><strong>Astronom\u00eda para escuelas e institutos<\/strong><\/p>\t\t\t\t\t\t\t\t<\/div>\n\t\t\t\t<\/div>\n\t\t\t\t<\/div>\n\t\t<div class=\"elementor-element elementor-element-eb05615 e-con-full elementor-hidden-mobile e-flex e-con e-child\" data-id=\"eb05615\" data-element_type=\"container\">\n\t\t\t\t<\/div>\n\t\t\t\t<\/div>\n\t\t<div class=\"elementor-element elementor-element-45f396de e-con-full e-flex e-con e-parent\" data-id=\"45f396de\" data-element_type=\"container\">\n\t\t\t\t<\/div>\n\t\t<div class=\"elementor-element elementor-element-1fa49ce6 e-flex e-con-boxed e-con e-parent\" data-id=\"1fa49ce6\" data-element_type=\"container\" data-settings=\"{&quot;background_background&quot;:&quot;classic&quot;}\">\n\t\t\t\t\t<div class=\"e-con-inner\">\n\t\t<div class=\"elementor-element elementor-element-2650b4c7 e-con-full e-flex e-con e-child\" data-id=\"2650b4c7\" data-element_type=\"container\">\n\t\t\t\t<div class=\"elementor-element elementor-element-1278b9b6 elementor-widget elementor-widget-image\" data-id=\"1278b9b6\" data-element_type=\"widget\" data-widget_type=\"image.default\">\n\t\t\t\t<div class=\"elementor-widget-container\">\n\t\t\t\t\t\t\t\t\t\t\t\t\t\t\t<img fetchpriority=\"high\" decoding=\"async\" width=\"684\" height=\"1024\" src=\"https:\/\/www.parcastronomicprades.cat\/wp-content\/uploads\/2025\/07\/2a5d462a449fba62fc0386bb37f4315fd64c8f7f-scaled-1-684x1024.webp\" class=\"attachment-large size-large wp-image-93586\" alt=\"\" srcset=\"https:\/\/www.parcastronomicprades.cat\/wp-content\/uploads\/2025\/07\/2a5d462a449fba62fc0386bb37f4315fd64c8f7f-scaled-1-684x1024.webp 684w, https:\/\/www.parcastronomicprades.cat\/wp-content\/uploads\/2025\/07\/2a5d462a449fba62fc0386bb37f4315fd64c8f7f-scaled-1-200x300.webp 200w, https:\/\/www.parcastronomicprades.cat\/wp-content\/uploads\/2025\/07\/2a5d462a449fba62fc0386bb37f4315fd64c8f7f-scaled-1-768x1150.webp 768w, https:\/\/www.parcastronomicprades.cat\/wp-content\/uploads\/2025\/07\/2a5d462a449fba62fc0386bb37f4315fd64c8f7f-scaled-1-1026x1536.webp 1026w, https:\/\/www.parcastronomicprades.cat\/wp-content\/uploads\/2025\/07\/2a5d462a449fba62fc0386bb37f4315fd64c8f7f-scaled-1-1368x2048.webp 1368w, https:\/\/www.parcastronomicprades.cat\/wp-content\/uploads\/2025\/07\/2a5d462a449fba62fc0386bb37f4315fd64c8f7f-scaled-1-600x898.webp 600w, https:\/\/www.parcastronomicprades.cat\/wp-content\/uploads\/2025\/07\/2a5d462a449fba62fc0386bb37f4315fd64c8f7f-scaled-1.webp 1710w\" sizes=\"(max-width: 684px) 100vw, 684px\" \/>\t\t\t\t\t\t\t\t\t\t\t\t\t\t\t<\/div>\n\t\t\t\t<\/div>\n\t\t\t\t<\/div>\n\t\t<div class=\"elementor-element elementor-element-3897d0ca e-con-full e-flex e-con e-child\" data-id=\"3897d0ca\" data-element_type=\"container\">\n\t\t\t\t<div class=\"elementor-element elementor-element-7a8c2083 elementor-widget elementor-widget-text-editor\" data-id=\"7a8c2083\" data-element_type=\"widget\" data-widget_type=\"text-editor.default\">\n\t\t\t\t<div class=\"elementor-widget-container\">\n\t\t\t\t\t\t\t\t\tEl equipo de Gu\u00edas astron\u00f3micos Starlight del Parque Astron\u00f3mico Monta\u00f1as de Prades son maestros titulados con m\u00e1s de 15 a\u00f1os de experiencia en el \u00e1mbito educativo y cient\u00edfico, tanto en la formaci\u00f3n de ni\u00f1os como de j\u00f3venes y adultos. Han participado en multitud de proyectos educativos y cient\u00edficos en colaboraci\u00f3n con el Instituto de Astrof\u00edsica de Canarias, el Departamento de Educaci\u00f3n de la Generalitat de Catalu\u00f1a, la Agencia Espacial Europea (ESA) y la Agencia Espacial de los Estados Unidos (NASA).\n\nNuestro equipo os ofrecer\u00e1 una sesi\u00f3n a medida por vuestro grupo ayud\u00e1ndoos a vosotros, maestros\/as y profesoras\/es, a profundizar en los conocimientos sobre el universo y la ciencia. Podemos hacer hincapi\u00e9 donde m\u00e1s os interese: conocimiento del funcionamiento de nuestro Sistema Solar, las galaxias y las nebulosas, la V\u00eda L\u00e1ctea, ciencias aeroespaciales, cosmolog\u00eda, astronom\u00eda observacional, mujeres y ciencia, historia de la astronom\u00eda, la protecci\u00f3n de los cielos oscuros, etc.\n\nPorque vuestra estancia al Parque Astron\u00f3mico de las Monta\u00f1as de Prades sea \u00fanica os ofrecemos dos modalidades principales de visita: Sesi\u00f3n Astron\u00f3mica 360\u00b0 y Sesi\u00f3n Astron\u00f3mica Nocturna 360\u00b0.\t\t\t\t\t\t\t\t<\/div>\n\t\t\t\t<\/div>\n\t\t\t\t<\/div>\n\t\t\t\t\t<\/div>\n\t\t\t\t<\/div>\n\t\t<div class=\"elementor-element elementor-element-699cab63 e-grid e-con-boxed e-con e-parent\" data-id=\"699cab63\" data-element_type=\"container\" data-settings=\"{&quot;background_background&quot;:&quot;classic&quot;}\">\n\t\t\t\t\t<div class=\"e-con-inner\">\n\t\t<div class=\"elementor-element elementor-element-5643bc8e e-con-full e-flex e-con e-child\" data-id=\"5643bc8e\" data-element_type=\"container\" data-settings=\"{&quot;background_background&quot;:&quot;classic&quot;}\">\n\t\t\t\t<div class=\"elementor-element elementor-element-19790046 elementor-widget elementor-widget-image\" data-id=\"19790046\" data-element_type=\"widget\" data-widget_type=\"image.default\">\n\t\t\t\t<div class=\"elementor-widget-container\">\n\t\t\t\t\t\t\t\t\t\t\t\t\t\t\t\t<a href=\"https:\/\/www.parcastronomicprades.cat\/es\/sessio-astronomica-nocturna\/\">\n\t\t\t\t\t\t\t<img decoding=\"async\" width=\"1024\" height=\"634\" src=\"https:\/\/www.parcastronomicprades.cat\/wp-content\/uploads\/2025\/07\/sessioAstronomicaNocturna-1024x634-1.jpg\" class=\"attachment-large size-large wp-image-93588\" alt=\"\" srcset=\"https:\/\/www.parcastronomicprades.cat\/wp-content\/uploads\/2025\/07\/sessioAstronomicaNocturna-1024x634-1.jpg 1024w, https:\/\/www.parcastronomicprades.cat\/wp-content\/uploads\/2025\/07\/sessioAstronomicaNocturna-1024x634-1-300x186.jpg 300w, https:\/\/www.parcastronomicprades.cat\/wp-content\/uploads\/2025\/07\/sessioAstronomicaNocturna-1024x634-1-768x476.jpg 768w, https:\/\/www.parcastronomicprades.cat\/wp-content\/uploads\/2025\/07\/sessioAstronomicaNocturna-1024x634-1-600x371.jpg 600w\" sizes=\"(max-width: 1024px) 100vw, 1024px\" \/>\t\t\t\t\t\t\t\t<\/a>\n\t\t\t\t\t\t\t\t\t\t\t\t\t\t\t<\/div>\n\t\t\t\t<\/div>\n\t\t\t\t<div class=\"elementor-element elementor-element-33b67bbd elementor-widget elementor-widget-heading\" data-id=\"33b67bbd\" data-element_type=\"widget\" data-widget_type=\"heading.default\">\n\t\t\t\t<div class=\"elementor-widget-container\">\n\t\t\t\t\t<h2 class=\"elementor-heading-title elementor-size-default\"><a href=\"https:\/\/www.parcastronomicprades.cat\/es\/sessio-astronomica-nocturna\/\">Sesi\u00f3n astron\u00f3mica nocturna<\/a><\/h2>\t\t\t\t<\/div>\n\t\t\t\t<\/div>\n\t\t\t\t<div class=\"elementor-element elementor-element-6d487013 nogap elementor-widget elementor-widget-text-editor\" data-id=\"6d487013\" data-element_type=\"widget\" data-widget_type=\"text-editor.default\">\n\t\t\t\t<div class=\"elementor-widget-container\">\n\t\t\t\t\t\t\t\t\t<p>Sesi\u00f3n astron\u00f3mica con planetario 360\u00ba y observaci\u00f3n guiada con telescopios en un entorno natural \u00fanico.<\/p>\t\t\t\t\t\t\t\t<\/div>\n\t\t\t\t<\/div>\n\t\t\t\t<\/div>\n\t\t<div class=\"elementor-element elementor-element-6d9ad578 e-con-full e-flex e-con e-child\" data-id=\"6d9ad578\" data-element_type=\"container\" data-settings=\"{&quot;background_background&quot;:&quot;classic&quot;}\">\n\t\t\t\t<div class=\"elementor-element elementor-element-7cce9953 elementor-widget elementor-widget-image\" data-id=\"7cce9953\" data-element_type=\"widget\" data-widget_type=\"image.default\">\n\t\t\t\t<div class=\"elementor-widget-container\">\n\t\t\t\t\t\t\t\t\t\t\t\t\t\t\t\t<a href=\"https:\/\/www.parcastronomicprades.cat\/es\/sessio-astronomica-diurna\/\">\n\t\t\t\t\t\t\t<img decoding=\"async\" width=\"1024\" height=\"634\" src=\"https:\/\/www.parcastronomicprades.cat\/wp-content\/uploads\/2025\/07\/SessioAstronomica-1024x634-1.jpg\" class=\"attachment-large size-large wp-image-93590\" alt=\"\" srcset=\"https:\/\/www.parcastronomicprades.cat\/wp-content\/uploads\/2025\/07\/SessioAstronomica-1024x634-1.jpg 1024w, https:\/\/www.parcastronomicprades.cat\/wp-content\/uploads\/2025\/07\/SessioAstronomica-1024x634-1-300x186.jpg 300w, https:\/\/www.parcastronomicprades.cat\/wp-content\/uploads\/2025\/07\/SessioAstronomica-1024x634-1-768x476.jpg 768w, https:\/\/www.parcastronomicprades.cat\/wp-content\/uploads\/2025\/07\/SessioAstronomica-1024x634-1-600x371.jpg 600w\" sizes=\"(max-width: 1024px) 100vw, 1024px\" \/>\t\t\t\t\t\t\t\t<\/a>\n\t\t\t\t\t\t\t\t\t\t\t\t\t\t\t<\/div>\n\t\t\t\t<\/div>\n\t\t\t\t<div class=\"elementor-element elementor-element-1cb820ec elementor-widget elementor-widget-heading\" data-id=\"1cb820ec\" data-element_type=\"widget\" data-widget_type=\"heading.default\">\n\t\t\t\t<div class=\"elementor-widget-container\">\n\t\t\t\t\t<h2 class=\"elementor-heading-title elementor-size-default\"><a href=\"https:\/\/www.parcastronomicprades.cat\/es\/sessio-astronomica-diurna\/\">Sesi\u00f3n astron\u00f3mica diurna<\/a><\/h2>\t\t\t\t<\/div>\n\t\t\t\t<\/div>\n\t\t\t\t<div class=\"elementor-element elementor-element-2717cdbd nogap elementor-widget elementor-widget-text-editor\" data-id=\"2717cdbd\" data-element_type=\"widget\" data-widget_type=\"text-editor.default\">\n\t\t\t\t<div class=\"elementor-widget-container\">\n\t\t\t\t\t\t\t\t\t<p>Sesi\u00f3n educativa en el Planetario 360\u00ba con contenidos personalizados y observaci\u00f3n solar guiada con telescopios especializados.<\/p>\t\t\t\t\t\t\t\t<\/div>\n\t\t\t\t<\/div>\n\t\t\t\t<\/div>\n\t\t<div class=\"elementor-element elementor-element-785b08c7 e-con-full e-flex e-con e-child\" data-id=\"785b08c7\" data-element_type=\"container\" data-settings=\"{&quot;background_background&quot;:&quot;classic&quot;}\">\n\t\t\t\t<div class=\"elementor-element elementor-element-4030766d elementor-widget elementor-widget-image\" data-id=\"4030766d\" data-element_type=\"widget\" data-widget_type=\"image.default\">\n\t\t\t\t<div class=\"elementor-widget-container\">\n\t\t\t\t\t\t\t\t\t\t\t\t\t\t\t\t<a href=\"https:\/\/www.parcastronomicprades.cat\/es\/visitamos-vuestro-centro\/\">\n\t\t\t\t\t\t\t<img loading=\"lazy\" decoding=\"async\" width=\"1024\" height=\"634\" src=\"https:\/\/www.parcastronomicprades.cat\/wp-content\/uploads\/2025\/07\/SessioPlanetari-1024x634-1.jpg\" class=\"attachment-large size-large wp-image-93592\" alt=\"\" srcset=\"https:\/\/www.parcastronomicprades.cat\/wp-content\/uploads\/2025\/07\/SessioPlanetari-1024x634-1.jpg 1024w, https:\/\/www.parcastronomicprades.cat\/wp-content\/uploads\/2025\/07\/SessioPlanetari-1024x634-1-300x186.jpg 300w, https:\/\/www.parcastronomicprades.cat\/wp-content\/uploads\/2025\/07\/SessioPlanetari-1024x634-1-768x476.jpg 768w, https:\/\/www.parcastronomicprades.cat\/wp-content\/uploads\/2025\/07\/SessioPlanetari-1024x634-1-600x371.jpg 600w\" sizes=\"(max-width: 1024px) 100vw, 1024px\" \/>\t\t\t\t\t\t\t\t<\/a>\n\t\t\t\t\t\t\t\t\t\t\t\t\t\t\t<\/div>\n\t\t\t\t<\/div>\n\t\t\t\t<div class=\"elementor-element elementor-element-5f1ab357 elementor-widget elementor-widget-heading\" data-id=\"5f1ab357\" data-element_type=\"widget\" data-widget_type=\"heading.default\">\n\t\t\t\t<div class=\"elementor-widget-container\">\n\t\t\t\t\t<h2 class=\"elementor-heading-title elementor-size-default\"><a href=\"https:\/\/www.parcastronomicprades.cat\/es\/visitamos-vuestro-centro\/\">Visitamos su centro<\/a><\/h2>\t\t\t\t<\/div>\n\t\t\t\t<\/div>\n\t\t\t\t<div class=\"elementor-element elementor-element-3e98dcab nogap elementor-widget elementor-widget-text-editor\" data-id=\"3e98dcab\" data-element_type=\"widget\" data-widget_type=\"text-editor.default\">\n\t\t\t\t<div class=\"elementor-widget-container\">\n\t\t\t\t\t\t\t\t\tSesi\u00f3n inmersiva en su centro con nuestro Planetario 360\u00ba, adaptada a cada etapa educativa, con simulaciones del universo, contenidos a medida y explicaciones en directo para despertar el inter\u00e9s por la astronom\u00eda.\t\t\t\t\t\t\t\t<\/div>\n\t\t\t\t<\/div>\n\t\t\t\t<\/div>\n\t\t<div class=\"elementor-element elementor-element-20204e2 e-con-full e-flex e-con e-child\" data-id=\"20204e2\" data-element_type=\"container\" data-settings=\"{&quot;background_background&quot;:&quot;classic&quot;}\">\n\t\t\t\t<div class=\"elementor-element elementor-element-382cd165 elementor-widget elementor-widget-image\" data-id=\"382cd165\" data-element_type=\"widget\" data-widget_type=\"image.default\">\n\t\t\t\t<div class=\"elementor-widget-container\">\n\t\t\t\t\t\t\t\t\t\t\t\t\t\t\t\t<a href=\"https:\/\/www.parcastronomicprades.cat\/es\/sessions-a-mida\/\">\n\t\t\t\t\t\t\t<img loading=\"lazy\" decoding=\"async\" width=\"1024\" height=\"937\" src=\"https:\/\/www.parcastronomicprades.cat\/wp-content\/uploads\/2025\/07\/Tivoli-Astrofarm-Aleix-Roig-2024-scaled-1-1024x937.webp\" class=\"attachment-large size-large wp-image-93594\" alt=\"\" srcset=\"https:\/\/www.parcastronomicprades.cat\/wp-content\/uploads\/2025\/07\/Tivoli-Astrofarm-Aleix-Roig-2024-scaled-1-1024x937.webp 1024w, https:\/\/www.parcastronomicprades.cat\/wp-content\/uploads\/2025\/07\/Tivoli-Astrofarm-Aleix-Roig-2024-scaled-1-300x274.webp 300w, https:\/\/www.parcastronomicprades.cat\/wp-content\/uploads\/2025\/07\/Tivoli-Astrofarm-Aleix-Roig-2024-scaled-1-768x703.webp 768w, https:\/\/www.parcastronomicprades.cat\/wp-content\/uploads\/2025\/07\/Tivoli-Astrofarm-Aleix-Roig-2024-scaled-1-1536x1405.webp 1536w, https:\/\/www.parcastronomicprades.cat\/wp-content\/uploads\/2025\/07\/Tivoli-Astrofarm-Aleix-Roig-2024-scaled-1-2048x1874.webp 2048w, https:\/\/www.parcastronomicprades.cat\/wp-content\/uploads\/2025\/07\/Tivoli-Astrofarm-Aleix-Roig-2024-scaled-1-600x549.webp 600w\" sizes=\"(max-width: 1024px) 100vw, 1024px\" \/>\t\t\t\t\t\t\t\t<\/a>\n\t\t\t\t\t\t\t\t\t\t\t\t\t\t\t<\/div>\n\t\t\t\t<\/div>\n\t\t\t\t<div class=\"elementor-element elementor-element-1366d6cf elementor-widget elementor-widget-heading\" data-id=\"1366d6cf\" data-element_type=\"widget\" data-widget_type=\"heading.default\">\n\t\t\t\t<div class=\"elementor-widget-container\">\n\t\t\t\t\t<h2 class=\"elementor-heading-title elementor-size-default\"><a href=\"https:\/\/www.parcastronomicprades.cat\/es\/sessions-a-mida\/\">Sesiones a medida<\/a><\/h2>\t\t\t\t<\/div>\n\t\t\t\t<\/div>\n\t\t\t\t<div class=\"elementor-element elementor-element-9af27a6 nogap elementor-widget elementor-widget-text-editor\" data-id=\"9af27a6\" data-element_type=\"widget\" data-widget_type=\"text-editor.default\">\n\t\t\t\t<div class=\"elementor-widget-container\">\n\t\t\t\t\t\t\t\t\t<p>Conferencias astron\u00f3micas en su centro para todas las edades, con tem\u00e1ticas variadas e inspiradoras como los planetas, la V\u00eda L\u00e1ctea o el papel de las mujeres en la ciencia.<\/p>\t\t\t\t\t\t\t\t<\/div>\n\t\t\t\t<\/div>\n\t\t\t\t<\/div>\n\t\t\t\t\t<\/div>\n\t\t\t\t<\/div>\n\t\t<div class=\"elementor-element elementor-element-6dcd63ac e-con-full e-flex e-con e-parent\" data-id=\"6dcd63ac\" data-element_type=\"container\" data-settings=\"{&quot;background_background&quot;:&quot;classic&quot;}\">\n\t\t\t\t<\/div>\n\t\t\t\t<\/div>\n\t\t","protected":false},"excerpt":{"rendered":"<p>Astronom\u00eda para escuelas e institutos El equipo de Gu\u00edas astron\u00f3micos Starlight del Parque Astron\u00f3mico Monta\u00f1as de Prades son maestros titulados [&hellip;]<\/p>\n","protected":false},"author":1,"featured_media":0,"parent":0,"menu_order":0,"comment_status":"closed","ping_status":"closed","template":"","meta":{"_acf_changed":false,"site-sidebar-layout":"default","site-content-layout":"","ast-site-content-layout":"default","site-content-style":"default","site-sidebar-style":"default","ast-global-header-display":"","ast-banner-title-visibility":"","ast-main-header-display":"","ast-hfb-above-header-display":"","ast-hfb-below-header-display":"","ast-hfb-mobile-header-display":"","site-post-title":"","ast-breadcrumbs-content":"","ast-featured-img":"","footer-sml-layout":"","theme-transparent-header-meta":"","adv-header-id-meta":"","stick-header-meta":"","header-above-stick-meta":"","header-main-stick-meta":"","header-below-stick-meta":"","astra-migrate-meta-layouts":"default","ast-page-background-enabled":"default","ast-page-background-meta":{"desktop":{"background-color":"var(--ast-global-color-5)","background-image":"","background-repeat":"repeat","background-position":"center center","background-size":"auto","background-attachment":"scroll","background-type":"","background-media":"","overlay-type":"","overlay-color":"","overlay-opacity":"","overlay-gradient":""},"tablet":{"background-color":"","background-image":"","background-repeat":"repeat","background-position":"center center","background-size":"auto","background-attachment":"scroll","background-type":"","background-media":"","overlay-type":"","overlay-color":"","overlay-opacity":"","overlay-gradient":""},"mobile":{"background-color":"","background-image":"","background-repeat":"repeat","background-position":"center center","background-size":"auto","background-attachment":"scroll","background-type":"","background-media":"","overlay-type":"","overlay-color":"","overlay-opacity":"","overlay-gradient":""}},"ast-content-background-meta":{"desktop":{"background-color":"var(--ast-global-color-4)","background-image":"","background-repeat":"repeat","background-position":"center center","background-size":"auto","background-attachment":"scroll","background-type":"","background-media":"","overlay-type":"","overlay-color":"","overlay-opacity":"","overlay-gradient":""},"tablet":{"background-color":"var(--ast-global-color-4)","background-image":"","background-repeat":"repeat","background-position":"center center","background-size":"auto","background-attachment":"scroll","background-type":"","background-media":"","overlay-type":"","overlay-color":"","overlay-opacity":"","overlay-gradient":""},"mobile":{"background-color":"var(--ast-global-color-4)","background-image":"","background-repeat":"repeat","background-position":"center center","background-size":"auto","background-attachment":"scroll","background-type":"","background-media":"","overlay-type":"","overlay-color":"","overlay-opacity":"","overlay-gradient":""}},"footnotes":""},"class_list":["post-4163","page","type-page","status-publish","hentry"],"acf":[],"_links":{"self":[{"href":"https:\/\/www.parcastronomicprades.cat\/es\/wp-json\/wp\/v2\/pages\/4163","targetHints":{"allow":["GET"]}}],"collection":[{"href":"https:\/\/www.parcastronomicprades.cat\/es\/wp-json\/wp\/v2\/pages"}],"about":[{"href":"https:\/\/www.parcastronomicprades.cat\/es\/wp-json\/wp\/v2\/types\/page"}],"author":[{"embeddable":true,"href":"https:\/\/www.parcastronomicprades.cat\/es\/wp-json\/wp\/v2\/users\/1"}],"replies":[{"embeddable":true,"href":"https:\/\/www.parcastronomicprades.cat\/es\/wp-json\/wp\/v2\/comments?post=4163"}],"version-history":[{"count":52,"href":"https:\/\/www.parcastronomicprades.cat\/es\/wp-json\/wp\/v2\/pages\/4163\/revisions"}],"predecessor-version":[{"id":95485,"href":"https:\/\/www.parcastronomicprades.cat\/es\/wp-json\/wp\/v2\/pages\/4163\/revisions\/95485"}],"wp:attachment":[{"href":"https:\/\/www.parcastronomicprades.cat\/es\/wp-json\/wp\/v2\/media?parent=4163"}],"curies":[{"name":"wp","href":"https:\/\/api.w.org\/{rel}","templated":true}]}}