{"id":30360,"date":"2021-11-24T14:35:02","date_gmt":"2021-11-24T13:35:02","guid":{"rendered":"https:\/\/www.parcastronomicprades.cat\/espectaculos\/"},"modified":"2026-03-31T14:21:04","modified_gmt":"2026-03-31T13:21:04","slug":"espectaculos","status":"publish","type":"page","link":"https:\/\/www.parcastronomicprades.cat\/es\/espectaculos\/","title":{"rendered":"Espect\u00e1culos"},"content":{"rendered":"\t\t<div data-elementor-type=\"wp-page\" data-elementor-id=\"30360\" class=\"elementor elementor-30360 elementor-28801\" data-elementor-post-type=\"page\">\n\t\t\t\t<div class=\"elementor-element elementor-element-8605da4 e-con-full e-flex e-con e-parent\" data-id=\"8605da4\" data-element_type=\"container\" data-settings=\"{&quot;background_background&quot;:&quot;classic&quot;}\">\n\t\t<div class=\"elementor-element elementor-element-0b96233 e-con-full e-flex e-con e-child\" data-id=\"0b96233\" data-element_type=\"container\">\n\t\t\t\t<div class=\"elementor-element elementor-element-0784571 elementor-widget elementor-widget-heading\" data-id=\"0784571\" data-element_type=\"widget\" data-widget_type=\"heading.default\">\n\t\t\t\t<div class=\"elementor-widget-container\">\n\t\t\t\t\t<h1 class=\"elementor-heading-title elementor-size-default\">Espect\u00e1culos<\/h1>\t\t\t\t<\/div>\n\t\t\t\t<\/div>\n\t\t\t\t<div class=\"elementor-element elementor-element-8ab7850 nogap elementor-widget elementor-widget-text-editor\" data-id=\"8ab7850\" data-element_type=\"widget\" data-widget_type=\"text-editor.default\">\n\t\t\t\t<div class=\"elementor-widget-container\">\n\t\t\t\t\t\t\t\t\t<p><strong>Ven a disfrutar de los espect\u00e1culos del Parque Astron\u00f3mico Monta\u00f1as de Prades<\/strong><\/p>\t\t\t\t\t\t\t\t<\/div>\n\t\t\t\t<\/div>\n\t\t\t\t<\/div>\n\t\t<div class=\"elementor-element elementor-element-67e664d e-con-full elementor-hidden-mobile e-flex e-con e-child\" data-id=\"67e664d\" data-element_type=\"container\">\n\t\t\t\t<\/div>\n\t\t\t\t<\/div>\n\t\t<div class=\"elementor-element elementor-element-424634e e-con-full e-flex e-con e-parent\" data-id=\"424634e\" data-element_type=\"container\">\n\t\t\t\t<\/div>\n\t\t<div class=\"elementor-element elementor-element-4ca98d8 e-grid e-con-boxed e-con e-parent\" data-id=\"4ca98d8\" data-element_type=\"container\" data-settings=\"{&quot;background_background&quot;:&quot;classic&quot;}\">\n\t\t\t\t\t<div class=\"e-con-inner\">\n\t\t<div class=\"elementor-element elementor-element-a50499f e-con-full e-flex e-con e-child\" data-id=\"a50499f\" data-element_type=\"container\" data-settings=\"{&quot;background_background&quot;:&quot;classic&quot;}\">\n\t\t\t\t<div class=\"elementor-element elementor-element-301c45b elementor-widget elementor-widget-image\" data-id=\"301c45b\" data-element_type=\"widget\" data-widget_type=\"image.default\">\n\t\t\t\t<div class=\"elementor-widget-container\">\n\t\t\t\t\t\t\t\t\t\t\t\t\t\t\t\t<a href=\"https:\/\/www.parcastronomicprades.cat\/es\/especial-familias-360o\/\">\n\t\t\t\t\t\t\t<img fetchpriority=\"high\" decoding=\"async\" width=\"808\" height=\"1024\" src=\"https:\/\/www.parcastronomicprades.cat\/wp-content\/uploads\/2025\/07\/Selene-vert-amb-lletres-1-scaled-1-808x1024.jpg\" class=\"attachment-large size-large wp-image-93061\" alt=\"\" srcset=\"https:\/\/www.parcastronomicprades.cat\/wp-content\/uploads\/2025\/07\/Selene-vert-amb-lletres-1-scaled-1-808x1024.jpg 808w, https:\/\/www.parcastronomicprades.cat\/wp-content\/uploads\/2025\/07\/Selene-vert-amb-lletres-1-scaled-1-237x300.jpg 237w, https:\/\/www.parcastronomicprades.cat\/wp-content\/uploads\/2025\/07\/Selene-vert-amb-lletres-1-scaled-1-768x973.jpg 768w, https:\/\/www.parcastronomicprades.cat\/wp-content\/uploads\/2025\/07\/Selene-vert-amb-lletres-1-scaled-1-1212x1536.jpg 1212w, https:\/\/www.parcastronomicprades.cat\/wp-content\/uploads\/2025\/07\/Selene-vert-amb-lletres-1-scaled-1-1616x2048.jpg 1616w, https:\/\/www.parcastronomicprades.cat\/wp-content\/uploads\/2025\/07\/Selene-vert-amb-lletres-1-scaled-1-600x760.jpg 600w, https:\/\/www.parcastronomicprades.cat\/wp-content\/uploads\/2025\/07\/Selene-vert-amb-lletres-1-scaled-1.jpg 2020w\" sizes=\"(max-width: 808px) 100vw, 808px\" \/>\t\t\t\t\t\t\t\t<\/a>\n\t\t\t\t\t\t\t\t\t\t\t\t\t\t\t<\/div>\n\t\t\t\t<\/div>\n\t\t\t\t<div class=\"elementor-element elementor-element-ec5512f elementor-widget elementor-widget-heading\" data-id=\"ec5512f\" data-element_type=\"widget\" data-widget_type=\"heading.default\">\n\t\t\t\t<div class=\"elementor-widget-container\">\n\t\t\t\t\t<h2 class=\"elementor-heading-title elementor-size-default\"><a href=\"https:\/\/www.parcastronomicprades.cat\/es\/especial-familias-360o\/\">Selene<\/a><\/h2>\t\t\t\t<\/div>\n\t\t\t\t<\/div>\n\t\t\t\t<div class=\"elementor-element elementor-element-143a6d9 nogap elementor-widget elementor-widget-text-editor\" data-id=\"143a6d9\" data-element_type=\"widget\" data-widget_type=\"text-editor.default\">\n\t\t\t\t<div class=\"elementor-widget-container\">\n\t\t\t\t\t\t\t\t\t<p>Es un viaje trepidante a la Luna, lleno de sorpresas y aventuras. De vuelta a la Tierra descubriremos el fant\u00e1stico cielo oscuro de Prades y observaremos con grandes telescopios. <\/p>\t\t\t\t\t\t\t\t<\/div>\n\t\t\t\t<\/div>\n\t\t\t\t<\/div>\n\t\t<div class=\"elementor-element elementor-element-ee010a2 e-con-full e-flex e-con e-child\" data-id=\"ee010a2\" data-element_type=\"container\" data-settings=\"{&quot;background_background&quot;:&quot;classic&quot;}\">\n\t\t\t\t<div class=\"elementor-element elementor-element-8a47c0e elementor-widget elementor-widget-image\" data-id=\"8a47c0e\" data-element_type=\"widget\" data-widget_type=\"image.default\">\n\t\t\t\t<div class=\"elementor-widget-container\">\n\t\t\t\t\t\t\t\t\t\t\t\t\t\t\t\t<a href=\"https:\/\/www.parcastronomicprades.cat\/es\/gaia\/\">\n\t\t\t\t\t\t\t<img decoding=\"async\" width=\"819\" height=\"1024\" src=\"https:\/\/www.parcastronomicprades.cat\/wp-content\/uploads\/2025\/07\/INSTAGRAM_GAIA_2025_LLETRES_OK-scaled-1-819x1024.jpg\" class=\"attachment-large size-large wp-image-93198\" alt=\"\" srcset=\"https:\/\/www.parcastronomicprades.cat\/wp-content\/uploads\/2025\/07\/INSTAGRAM_GAIA_2025_LLETRES_OK-scaled-1-819x1024.jpg 819w, https:\/\/www.parcastronomicprades.cat\/wp-content\/uploads\/2025\/07\/INSTAGRAM_GAIA_2025_LLETRES_OK-scaled-1-240x300.jpg 240w, https:\/\/www.parcastronomicprades.cat\/wp-content\/uploads\/2025\/07\/INSTAGRAM_GAIA_2025_LLETRES_OK-scaled-1-768x960.jpg 768w, https:\/\/www.parcastronomicprades.cat\/wp-content\/uploads\/2025\/07\/INSTAGRAM_GAIA_2025_LLETRES_OK-scaled-1-1229x1536.jpg 1229w, https:\/\/www.parcastronomicprades.cat\/wp-content\/uploads\/2025\/07\/INSTAGRAM_GAIA_2025_LLETRES_OK-scaled-1-1638x2048.jpg 1638w, https:\/\/www.parcastronomicprades.cat\/wp-content\/uploads\/2025\/07\/INSTAGRAM_GAIA_2025_LLETRES_OK-scaled-1-600x750.jpg 600w, https:\/\/www.parcastronomicprades.cat\/wp-content\/uploads\/2025\/07\/INSTAGRAM_GAIA_2025_LLETRES_OK-scaled-1.jpg 2048w\" sizes=\"(max-width: 819px) 100vw, 819px\" \/>\t\t\t\t\t\t\t\t<\/a>\n\t\t\t\t\t\t\t\t\t\t\t\t\t\t\t<\/div>\n\t\t\t\t<\/div>\n\t\t\t\t<div class=\"elementor-element elementor-element-36db20a elementor-widget elementor-widget-heading\" data-id=\"36db20a\" data-element_type=\"widget\" data-widget_type=\"heading.default\">\n\t\t\t\t<div class=\"elementor-widget-container\">\n\t\t\t\t\t<h2 class=\"elementor-heading-title elementor-size-default\"><a href=\"https:\/\/www.parcastronomicprades.cat\/es\/gaia\/\">Gaia<\/a><\/h2>\t\t\t\t<\/div>\n\t\t\t\t<\/div>\n\t\t\t\t<div class=\"elementor-element elementor-element-79bdd98 nogap elementor-widget elementor-widget-text-editor\" data-id=\"79bdd98\" data-element_type=\"widget\" data-widget_type=\"text-editor.default\">\n\t\t\t\t<div class=\"elementor-widget-container\">\n\t\t\t\t\t\t\t\t\t<p>Es un espect\u00e1culo de astronom\u00eda, un repaso sobre la formaci\u00f3n de la Tierra, como hemos llegado hasta el d\u00eda de hoy y mucho m\u00e1s.<\/p>\t\t\t\t\t\t\t\t<\/div>\n\t\t\t\t<\/div>\n\t\t\t\t<\/div>\n\t\t<div class=\"elementor-element elementor-element-2b9a3ac e-con-full e-flex e-con e-child\" data-id=\"2b9a3ac\" data-element_type=\"container\" data-settings=\"{&quot;background_background&quot;:&quot;classic&quot;}\">\n\t\t\t\t<div class=\"elementor-element elementor-element-6704586 elementor-widget elementor-widget-image\" data-id=\"6704586\" data-element_type=\"widget\" data-widget_type=\"image.default\">\n\t\t\t\t<div class=\"elementor-widget-container\">\n\t\t\t\t\t\t\t\t\t\t\t\t\t\t\t\t<a href=\"https:\/\/www.parcastronomicprades.cat\/es\/experiencia-astronomica-nocturna-360o\/\">\n\t\t\t\t\t\t\t<img decoding=\"async\" width=\"1024\" height=\"683\" src=\"https:\/\/www.parcastronomicprades.cat\/wp-content\/uploads\/2025\/07\/KOSMOS_HOR-scaled-1-1024x683.jpg\" class=\"attachment-large size-large wp-image-93200\" alt=\"\" srcset=\"https:\/\/www.parcastronomicprades.cat\/wp-content\/uploads\/2025\/07\/KOSMOS_HOR-scaled-1-1024x683.jpg 1024w, https:\/\/www.parcastronomicprades.cat\/wp-content\/uploads\/2025\/07\/KOSMOS_HOR-scaled-1-300x200.jpg 300w, https:\/\/www.parcastronomicprades.cat\/wp-content\/uploads\/2025\/07\/KOSMOS_HOR-scaled-1-768x512.jpg 768w, https:\/\/www.parcastronomicprades.cat\/wp-content\/uploads\/2025\/07\/KOSMOS_HOR-scaled-1-1536x1024.jpg 1536w, https:\/\/www.parcastronomicprades.cat\/wp-content\/uploads\/2025\/07\/KOSMOS_HOR-scaled-1-2048x1366.jpg 2048w, https:\/\/www.parcastronomicprades.cat\/wp-content\/uploads\/2025\/07\/KOSMOS_HOR-scaled-1-600x400.jpg 600w\" sizes=\"(max-width: 1024px) 100vw, 1024px\" \/>\t\t\t\t\t\t\t\t<\/a>\n\t\t\t\t\t\t\t\t\t\t\t\t\t\t\t<\/div>\n\t\t\t\t<\/div>\n\t\t\t\t<div class=\"elementor-element elementor-element-269b44d elementor-widget elementor-widget-heading\" data-id=\"269b44d\" data-element_type=\"widget\" data-widget_type=\"heading.default\">\n\t\t\t\t<div class=\"elementor-widget-container\">\n\t\t\t\t\t<h2 class=\"elementor-heading-title elementor-size-default\"><a href=\"https:\/\/www.parcastronomicprades.cat\/es\/experiencia-astronomica-nocturna-360o\/\">Kosmos<\/a><\/h2>\t\t\t\t<\/div>\n\t\t\t\t<\/div>\n\t\t\t\t<div class=\"elementor-element elementor-element-368858e nogap elementor-widget elementor-widget-text-editor\" data-id=\"368858e\" data-element_type=\"widget\" data-widget_type=\"text-editor.default\">\n\t\t\t\t<div class=\"elementor-widget-container\">\n\t\t\t\t\t\t\t\t\t<p>Es un espect\u00e1culo de astronom\u00eda en catal\u00e1n, un tributo a la m\u00edtica serie Cosmos, de Carl Sagan.<\/p>\t\t\t\t\t\t\t\t<\/div>\n\t\t\t\t<\/div>\n\t\t\t\t<\/div>\n\t\t<div class=\"elementor-element elementor-element-1be9f41 e-con-full e-flex e-con e-child\" data-id=\"1be9f41\" data-element_type=\"container\" data-settings=\"{&quot;background_background&quot;:&quot;classic&quot;}\">\n\t\t\t\t<div class=\"elementor-element elementor-element-ebbb938 elementor-widget elementor-widget-image\" data-id=\"ebbb938\" data-element_type=\"widget\" data-widget_type=\"image.default\">\n\t\t\t\t<div class=\"elementor-widget-container\">\n\t\t\t\t\t\t\t\t\t\t\t\t\t\t\t<img loading=\"lazy\" decoding=\"async\" width=\"768\" height=\"1024\" src=\"https:\/\/www.parcastronomicprades.cat\/wp-content\/uploads\/2025\/07\/hypatia-vert-amb-lletres-1-768x1024.jpg\" class=\"attachment-large size-large wp-image-93202\" alt=\"\" srcset=\"https:\/\/www.parcastronomicprades.cat\/wp-content\/uploads\/2025\/07\/hypatia-vert-amb-lletres-1-768x1024.jpg 768w, https:\/\/www.parcastronomicprades.cat\/wp-content\/uploads\/2025\/07\/hypatia-vert-amb-lletres-1-225x300.jpg 225w, https:\/\/www.parcastronomicprades.cat\/wp-content\/uploads\/2025\/07\/hypatia-vert-amb-lletres-1-1152x1536.jpg 1152w, https:\/\/www.parcastronomicprades.cat\/wp-content\/uploads\/2025\/07\/hypatia-vert-amb-lletres-1-600x800.jpg 600w, https:\/\/www.parcastronomicprades.cat\/wp-content\/uploads\/2025\/07\/hypatia-vert-amb-lletres-1.jpg 1536w\" sizes=\"(max-width: 768px) 100vw, 768px\" \/>\t\t\t\t\t\t\t\t\t\t\t\t\t\t\t<\/div>\n\t\t\t\t<\/div>\n\t\t\t\t<div class=\"elementor-element elementor-element-cd97c67 elementor-absolute elementor-widget elementor-widget-button\" data-id=\"cd97c67\" data-element_type=\"widget\" data-settings=\"{&quot;_position&quot;:&quot;absolute&quot;}\" data-widget_type=\"button.default\">\n\t\t\t\t<div class=\"elementor-widget-container\">\n\t\t\t\t\t\t\t\t\t<div class=\"elementor-button-wrapper\">\n\t\t\t\t\t<a class=\"elementor-button elementor-size-sm\" role=\"button\">\n\t\t\t\t\t\t<span class=\"elementor-button-content-wrapper\">\n\t\t\t\t\t\t\t\t\t<span class=\"elementor-button-text\">Pr\u00f3ximamente<\/span>\n\t\t\t\t\t<\/span>\n\t\t\t\t\t<\/a>\n\t\t\t\t<\/div>\n\t\t\t\t\t\t\t\t<\/div>\n\t\t\t\t<\/div>\n\t\t\t\t<div class=\"elementor-element elementor-element-5f36faf elementor-widget elementor-widget-heading\" data-id=\"5f36faf\" data-element_type=\"widget\" data-widget_type=\"heading.default\">\n\t\t\t\t<div class=\"elementor-widget-container\">\n\t\t\t\t\t<h2 class=\"elementor-heading-title elementor-size-default\">Hypatia<\/h2>\t\t\t\t<\/div>\n\t\t\t\t<\/div>\n\t\t\t\t<div class=\"elementor-element elementor-element-ea673cf nogap elementor-widget elementor-widget-text-editor\" data-id=\"ea673cf\" data-element_type=\"widget\" data-widget_type=\"text-editor.default\">\n\t\t\t\t<div class=\"elementor-widget-container\">\n\t\t\t\t\t\t\t\t\t<p>HYPATIA es un espect\u00e1culo de astronom\u00eda que combina ciencia, m\u00fasica y luz para ofrecer una experiencia educativa, inmersiva, sensorial y emocionalmente impactante. Es una oportunidad para explorar el universo desde una perspectiva art\u00edstica y cient\u00edfica que nace en el coraz\u00f3n del cielo oscuro de las Monta\u00f1as de Prades. <\/p>\t\t\t\t\t\t\t\t<\/div>\n\t\t\t\t<\/div>\n\t\t\t\t<\/div>\n\t\t<div class=\"elementor-element elementor-element-7b79f8d e-con-full e-flex e-con e-child\" data-id=\"7b79f8d\" data-element_type=\"container\" data-settings=\"{&quot;background_background&quot;:&quot;classic&quot;}\">\n\t\t\t\t<div class=\"elementor-element elementor-element-ae4371f elementor-widget elementor-widget-image\" data-id=\"ae4371f\" data-element_type=\"widget\" data-widget_type=\"image.default\">\n\t\t\t\t<div class=\"elementor-widget-container\">\n\t\t\t\t\t\t\t\t\t\t\t\t\t\t\t<img loading=\"lazy\" decoding=\"async\" width=\"702\" height=\"1024\" src=\"https:\/\/www.parcastronomicprades.cat\/wp-content\/uploads\/2025\/07\/pulsar-9.1-vert-amb-lletres-scaled-1-702x1024.jpg\" class=\"attachment-large size-large wp-image-93204\" alt=\"\" srcset=\"https:\/\/www.parcastronomicprades.cat\/wp-content\/uploads\/2025\/07\/pulsar-9.1-vert-amb-lletres-scaled-1-702x1024.jpg 702w, https:\/\/www.parcastronomicprades.cat\/wp-content\/uploads\/2025\/07\/pulsar-9.1-vert-amb-lletres-scaled-1-206x300.jpg 206w, https:\/\/www.parcastronomicprades.cat\/wp-content\/uploads\/2025\/07\/pulsar-9.1-vert-amb-lletres-scaled-1-768x1120.jpg 768w, https:\/\/www.parcastronomicprades.cat\/wp-content\/uploads\/2025\/07\/pulsar-9.1-vert-amb-lletres-scaled-1-1053x1536.jpg 1053w, https:\/\/www.parcastronomicprades.cat\/wp-content\/uploads\/2025\/07\/pulsar-9.1-vert-amb-lletres-scaled-1-1404x2048.jpg 1404w, https:\/\/www.parcastronomicprades.cat\/wp-content\/uploads\/2025\/07\/pulsar-9.1-vert-amb-lletres-scaled-1-600x875.jpg 600w, https:\/\/www.parcastronomicprades.cat\/wp-content\/uploads\/2025\/07\/pulsar-9.1-vert-amb-lletres-scaled-1.jpg 1755w\" sizes=\"(max-width: 702px) 100vw, 702px\" \/>\t\t\t\t\t\t\t\t\t\t\t\t\t\t\t<\/div>\n\t\t\t\t<\/div>\n\t\t\t\t<div class=\"elementor-element elementor-element-3cc4a3d elementor-absolute elementor-widget elementor-widget-button\" data-id=\"3cc4a3d\" data-element_type=\"widget\" data-settings=\"{&quot;_position&quot;:&quot;absolute&quot;}\" data-widget_type=\"button.default\">\n\t\t\t\t<div class=\"elementor-widget-container\">\n\t\t\t\t\t\t\t\t\t<div class=\"elementor-button-wrapper\">\n\t\t\t\t\t<a class=\"elementor-button elementor-size-sm\" role=\"button\">\n\t\t\t\t\t\t<span class=\"elementor-button-content-wrapper\">\n\t\t\t\t\t\t\t\t\t<span class=\"elementor-button-text\">Pr\u00f3ximamente<\/span>\n\t\t\t\t\t<\/span>\n\t\t\t\t\t<\/a>\n\t\t\t\t<\/div>\n\t\t\t\t\t\t\t\t<\/div>\n\t\t\t\t<\/div>\n\t\t\t\t<div class=\"elementor-element elementor-element-5ed6e99 elementor-widget elementor-widget-heading\" data-id=\"5ed6e99\" data-element_type=\"widget\" data-widget_type=\"heading.default\">\n\t\t\t\t<div class=\"elementor-widget-container\">\n\t\t\t\t\t<h2 class=\"elementor-heading-title elementor-size-default\">Pulsar<\/h2>\t\t\t\t<\/div>\n\t\t\t\t<\/div>\n\t\t\t\t<div class=\"elementor-element elementor-element-b5ee41a nogap elementor-widget elementor-widget-text-editor\" data-id=\"b5ee41a\" data-element_type=\"widget\" data-widget_type=\"text-editor.default\">\n\t\t\t\t<div class=\"elementor-widget-container\">\n\t\t\t\t\t\t\t\t\t<p>La naturaleza, el sonido, la ciencia y el cosmos dialogan en un espacio protegido donde la experimentaci\u00f3n musical y la contemplaci\u00f3n del firmamento se convierten en una sola experiencia sensorial mientras el vino y la gastronom\u00eda local acompa\u00f1an a la experiencia.<\/p>\t\t\t\t\t\t\t\t<\/div>\n\t\t\t\t<\/div>\n\t\t\t\t<\/div>\n\t\t<div class=\"elementor-element elementor-element-fb66fc2 e-con-full e-flex e-con e-child\" data-id=\"fb66fc2\" data-element_type=\"container\" data-settings=\"{&quot;background_background&quot;:&quot;classic&quot;}\">\n\t\t\t\t<div class=\"elementor-element elementor-element-e21ba35 elementor-widget elementor-widget-image\" data-id=\"e21ba35\" data-element_type=\"widget\" data-widget_type=\"image.default\">\n\t\t\t\t<div class=\"elementor-widget-container\">\n\t\t\t\t\t\t\t\t\t\t\t\t\t\t\t\t<a href=\"https:\/\/www.parcastronomicprades.cat\/es\/solar-eclipse-26\/\">\n\t\t\t\t\t\t\t<img loading=\"lazy\" decoding=\"async\" width=\"1024\" height=\"963\" src=\"https:\/\/www.parcastronomicprades.cat\/wp-content\/uploads\/2026\/03\/Festival-Eclipsi-2026-Prades-1-1024x963.jpg\" class=\"attachment-large size-large wp-image-102376\" alt=\"\" srcset=\"https:\/\/www.parcastronomicprades.cat\/wp-content\/uploads\/2026\/03\/Festival-Eclipsi-2026-Prades-1-1024x963.jpg 1024w, https:\/\/www.parcastronomicprades.cat\/wp-content\/uploads\/2026\/03\/Festival-Eclipsi-2026-Prades-1-300x282.jpg 300w, https:\/\/www.parcastronomicprades.cat\/wp-content\/uploads\/2026\/03\/Festival-Eclipsi-2026-Prades-1-768x722.jpg 768w, https:\/\/www.parcastronomicprades.cat\/wp-content\/uploads\/2026\/03\/Festival-Eclipsi-2026-Prades-1-600x564.jpg 600w, https:\/\/www.parcastronomicprades.cat\/wp-content\/uploads\/2026\/03\/Festival-Eclipsi-2026-Prades-1.jpg 1076w\" sizes=\"(max-width: 1024px) 100vw, 1024px\" \/>\t\t\t\t\t\t\t\t<\/a>\n\t\t\t\t\t\t\t\t\t\t\t\t\t\t\t<\/div>\n\t\t\t\t<\/div>\n\t\t\t\t<div class=\"elementor-element elementor-element-2093c07 elementor-widget elementor-widget-heading\" data-id=\"2093c07\" data-element_type=\"widget\" data-widget_type=\"heading.default\">\n\t\t\t\t<div class=\"elementor-widget-container\">\n\t\t\t\t\t<h2 class=\"elementor-heading-title elementor-size-default\"><a href=\"https:\/\/www.parcastronomicprades.cat\/es\/solar-eclipse-26\/\">Festival Eclipse 2026<\/a><\/h2>\t\t\t\t<\/div>\n\t\t\t\t<\/div>\n\t\t\t\t<div class=\"elementor-element elementor-element-3d4709f nogap elementor-widget elementor-widget-text-editor\" data-id=\"3d4709f\" data-element_type=\"widget\" data-widget_type=\"text-editor.default\">\n\t\t\t\t<div class=\"elementor-widget-container\">\n\t\t\t\t\t\t\t\t\t<p>Vive con nosotros el eclipse del 12 de agosto de 2026. El Festival se celebrar\u00e1 del 10 al 13 de agosto de 2026 e incluye experiencias para todos los p\u00fablicos.  <\/p>\t\t\t\t\t\t\t\t<\/div>\n\t\t\t\t<\/div>\n\t\t\t\t<\/div>\n\t\t<div class=\"elementor-element elementor-element-1229241 e-con-full e-flex e-con e-child\" data-id=\"1229241\" data-element_type=\"container\" data-settings=\"{&quot;background_background&quot;:&quot;classic&quot;}\">\n\t\t\t\t<div class=\"elementor-element elementor-element-4edbe2c elementor-widget elementor-widget-image\" data-id=\"4edbe2c\" data-element_type=\"widget\" data-widget_type=\"image.default\">\n\t\t\t\t<div class=\"elementor-widget-container\">\n\t\t\t\t\t\t\t\t\t\t\t\t\t\t\t\t<a href=\"https:\/\/www.parcastronomicprades.cat\/es\/cena-con-estrellas\/\">\n\t\t\t\t\t\t\t<img loading=\"lazy\" decoding=\"async\" width=\"1024\" height=\"768\" src=\"https:\/\/www.parcastronomicprades.cat\/wp-content\/uploads\/2025\/07\/af052538-ef67-4c81-a2c7-7b762e7d0917-1024x768-1.jpg\" class=\"attachment-large size-large wp-image-93208\" alt=\"\" srcset=\"https:\/\/www.parcastronomicprades.cat\/wp-content\/uploads\/2025\/07\/af052538-ef67-4c81-a2c7-7b762e7d0917-1024x768-1.jpg 1024w, https:\/\/www.parcastronomicprades.cat\/wp-content\/uploads\/2025\/07\/af052538-ef67-4c81-a2c7-7b762e7d0917-1024x768-1-300x225.jpg 300w, https:\/\/www.parcastronomicprades.cat\/wp-content\/uploads\/2025\/07\/af052538-ef67-4c81-a2c7-7b762e7d0917-1024x768-1-768x576.jpg 768w, https:\/\/www.parcastronomicprades.cat\/wp-content\/uploads\/2025\/07\/af052538-ef67-4c81-a2c7-7b762e7d0917-1024x768-1-600x450.jpg 600w\" sizes=\"(max-width: 1024px) 100vw, 1024px\" \/>\t\t\t\t\t\t\t\t<\/a>\n\t\t\t\t\t\t\t\t\t\t\t\t\t\t\t<\/div>\n\t\t\t\t<\/div>\n\t\t\t\t<div class=\"elementor-element elementor-element-12be429 elementor-widget elementor-widget-heading\" data-id=\"12be429\" data-element_type=\"widget\" data-widget_type=\"heading.default\">\n\t\t\t\t<div class=\"elementor-widget-container\">\n\t\t\t\t\t<h2 class=\"elementor-heading-title elementor-size-default\"><a href=\"https:\/\/www.parcastronomicprades.cat\/es\/cena-con-estrellas\/\">Cena con estrellas<\/a><\/h2>\t\t\t\t<\/div>\n\t\t\t\t<\/div>\n\t\t\t\t<div class=\"elementor-element elementor-element-2f006ee nogap elementor-widget elementor-widget-text-editor\" data-id=\"2f006ee\" data-element_type=\"widget\" data-widget_type=\"text-editor.default\">\n\t\t\t\t<div class=\"elementor-widget-container\">\n\t\t\t\t\t\t\t\t\t<p>Disfruta de una comida tematizada en uno de los mejores restaurantes de Prades.<\/p><p>Escoge una de nuestras propuestas.<\/p>\t\t\t\t\t\t\t\t<\/div>\n\t\t\t\t<\/div>\n\t\t\t\t<\/div>\n\t\t<div class=\"elementor-element elementor-element-07215e7 e-con-full e-flex e-con e-child\" data-id=\"07215e7\" data-element_type=\"container\" data-settings=\"{&quot;background_background&quot;:&quot;classic&quot;}\">\n\t\t\t\t<div class=\"elementor-element elementor-element-f1b6e3b elementor-widget elementor-widget-image\" data-id=\"f1b6e3b\" data-element_type=\"widget\" data-widget_type=\"image.default\">\n\t\t\t\t<div class=\"elementor-widget-container\">\n\t\t\t\t\t\t\t\t\t\t\t\t\t\t\t\t<a href=\"https:\/\/www.parcastronomicprades.cat\/es\/espectacle\/regala-astronomia-cast\/\">\n\t\t\t\t\t\t\t<img loading=\"lazy\" decoding=\"async\" width=\"1024\" height=\"445\" src=\"https:\/\/www.parcastronomicprades.cat\/wp-content\/uploads\/2025\/07\/Starless-Cygnus-Extreme-Wide-Field-crop-Aleix-Roig-2021-1-1024x445-1.jpg\" class=\"attachment-large size-large wp-image-93210\" alt=\"\" srcset=\"https:\/\/www.parcastronomicprades.cat\/wp-content\/uploads\/2025\/07\/Starless-Cygnus-Extreme-Wide-Field-crop-Aleix-Roig-2021-1-1024x445-1.jpg 1024w, https:\/\/www.parcastronomicprades.cat\/wp-content\/uploads\/2025\/07\/Starless-Cygnus-Extreme-Wide-Field-crop-Aleix-Roig-2021-1-1024x445-1-300x130.jpg 300w, https:\/\/www.parcastronomicprades.cat\/wp-content\/uploads\/2025\/07\/Starless-Cygnus-Extreme-Wide-Field-crop-Aleix-Roig-2021-1-1024x445-1-768x334.jpg 768w, https:\/\/www.parcastronomicprades.cat\/wp-content\/uploads\/2025\/07\/Starless-Cygnus-Extreme-Wide-Field-crop-Aleix-Roig-2021-1-1024x445-1-600x261.jpg 600w\" sizes=\"(max-width: 1024px) 100vw, 1024px\" \/>\t\t\t\t\t\t\t\t<\/a>\n\t\t\t\t\t\t\t\t\t\t\t\t\t\t\t<\/div>\n\t\t\t\t<\/div>\n\t\t\t\t<div class=\"elementor-element elementor-element-5386dd4 elementor-widget elementor-widget-heading\" data-id=\"5386dd4\" data-element_type=\"widget\" data-widget_type=\"heading.default\">\n\t\t\t\t<div class=\"elementor-widget-container\">\n\t\t\t\t\t<h2 class=\"elementor-heading-title elementor-size-default\"><a href=\"https:\/\/www.parcastronomicprades.cat\/es\/espectacle\/regala-astronomia-cast\/\">Regala astronom\u00eda<\/a><\/h2>\t\t\t\t<\/div>\n\t\t\t\t<\/div>\n\t\t\t\t<div class=\"elementor-element elementor-element-521f95e nogap elementor-widget elementor-widget-text-editor\" data-id=\"521f95e\" data-element_type=\"widget\" data-widget_type=\"text-editor.default\">\n\t\t\t\t<div class=\"elementor-widget-container\">\n\t\t\t\t\t\t\t\t\t<p>Ven a disfrutar de los espect\u00e1culos del Parque Astron\u00f3mico Monta\u00f1as de Prades<\/p>\t\t\t\t\t\t\t\t<\/div>\n\t\t\t\t<\/div>\n\t\t\t\t<\/div>\n\t\t<div class=\"elementor-element elementor-element-da6c87b e-con-full e-flex e-con e-child\" data-id=\"da6c87b\" data-element_type=\"container\" data-settings=\"{&quot;background_background&quot;:&quot;classic&quot;}\">\n\t\t\t\t<div class=\"elementor-element elementor-element-27dbe55 elementor-widget elementor-widget-image\" data-id=\"27dbe55\" data-element_type=\"widget\" data-widget_type=\"image.default\">\n\t\t\t\t<div class=\"elementor-widget-container\">\n\t\t\t\t\t\t\t\t\t\t\t\t\t\t\t\t<a href=\"https:\/\/www.parcastronomicprades.cat\/es\/cursos-y-talleres\/\">\n\t\t\t\t\t\t\t<img loading=\"lazy\" decoding=\"async\" width=\"1024\" height=\"684\" src=\"https:\/\/www.parcastronomicprades.cat\/wp-content\/uploads\/2025\/07\/Oldervik-Norway-annotated-Aleix-Roig-2024-no-name-1024x684.jpg\" class=\"attachment-large size-large wp-image-93212\" alt=\"\" srcset=\"https:\/\/www.parcastronomicprades.cat\/wp-content\/uploads\/2025\/07\/Oldervik-Norway-annotated-Aleix-Roig-2024-no-name-1024x684.jpg 1024w, https:\/\/www.parcastronomicprades.cat\/wp-content\/uploads\/2025\/07\/Oldervik-Norway-annotated-Aleix-Roig-2024-no-name-300x200.jpg 300w, https:\/\/www.parcastronomicprades.cat\/wp-content\/uploads\/2025\/07\/Oldervik-Norway-annotated-Aleix-Roig-2024-no-name-768x513.jpg 768w, https:\/\/www.parcastronomicprades.cat\/wp-content\/uploads\/2025\/07\/Oldervik-Norway-annotated-Aleix-Roig-2024-no-name-1536x1026.jpg 1536w, https:\/\/www.parcastronomicprades.cat\/wp-content\/uploads\/2025\/07\/Oldervik-Norway-annotated-Aleix-Roig-2024-no-name-2048x1368.jpg 2048w, https:\/\/www.parcastronomicprades.cat\/wp-content\/uploads\/2025\/07\/Oldervik-Norway-annotated-Aleix-Roig-2024-no-name-600x401.jpg 600w\" sizes=\"(max-width: 1024px) 100vw, 1024px\" \/>\t\t\t\t\t\t\t\t<\/a>\n\t\t\t\t\t\t\t\t\t\t\t\t\t\t\t<\/div>\n\t\t\t\t<\/div>\n\t\t\t\t<div class=\"elementor-element elementor-element-8c50d2e elementor-widget elementor-widget-heading\" data-id=\"8c50d2e\" data-element_type=\"widget\" data-widget_type=\"heading.default\">\n\t\t\t\t<div class=\"elementor-widget-container\">\n\t\t\t\t\t<h2 class=\"elementor-heading-title elementor-size-default\"><a href=\"https:\/\/www.parcastronomicprades.cat\/es\/cursos-y-talleres\/\">Cursos y viajes<\/a><\/h2>\t\t\t\t<\/div>\n\t\t\t\t<\/div>\n\t\t\t\t<div class=\"elementor-element elementor-element-00ba535 nogap elementor-widget elementor-widget-text-editor\" data-id=\"00ba535\" data-element_type=\"widget\" data-widget_type=\"text-editor.default\">\n\t\t\t\t<div class=\"elementor-widget-container\">\n\t\t\t\t\t\t\t\t\t<p>Descubre nuestra oferta formativa pensada para escuelas, entidades y apasionados de la astronom\u00eda.<\/p>\t\t\t\t\t\t\t\t<\/div>\n\t\t\t\t<\/div>\n\t\t\t\t<\/div>\n\t\t\t\t\t<\/div>\n\t\t\t\t<\/div>\n\t\t<div class=\"elementor-element elementor-element-2d23fb0 e-con-full e-flex e-con e-parent\" data-id=\"2d23fb0\" data-element_type=\"container\">\n\t\t\t\t<\/div>\n\t\t<div class=\"elementor-element elementor-element-0431254 e-flex e-con-boxed e-con e-parent\" data-id=\"0431254\" data-element_type=\"container\" data-settings=\"{&quot;background_background&quot;:&quot;classic&quot;}\">\n\t\t\t\t\t<div class=\"e-con-inner\">\n\t\t<div class=\"elementor-element elementor-element-f9d33c0 e-con-full e-flex e-con e-child\" data-id=\"f9d33c0\" data-element_type=\"container\">\n\t\t\t\t<div class=\"elementor-element elementor-element-aa2e90a elementor-widget elementor-widget-heading\" data-id=\"aa2e90a\" data-element_type=\"widget\" data-widget_type=\"heading.default\">\n\t\t\t\t<div class=\"elementor-widget-container\">\n\t\t\t\t\t<h2 class=\"elementor-heading-title elementor-size-default\">Encara tenen preguntes?<\/h2>\t\t\t\t<\/div>\n\t\t\t\t<\/div>\n\t\t\t\t<div class=\"elementor-element elementor-element-54b3520 nogap elementor-widget elementor-widget-text-editor\" data-id=\"54b3520\" data-element_type=\"widget\" data-widget_type=\"text-editor.default\">\n\t\t\t\t<div class=\"elementor-widget-container\">\n\t\t\t\t\t\t\t\t\t<p>Estamos aqu\u00ed para ayudarle! Comun\u00edquese con nosotros en cualquier momento. <\/p>\t\t\t\t\t\t\t\t<\/div>\n\t\t\t\t<\/div>\n\t\t\t\t<\/div>\n\t\t\t\t<div class=\"elementor-element elementor-element-54fbc95 elementor-button-align-stretch elementor-widget elementor-widget-form\" data-id=\"54fbc95\" data-element_type=\"widget\" data-settings=\"{&quot;button_width&quot;:&quot;20&quot;,&quot;step_next_label&quot;:&quot;Siguiente&quot;,&quot;step_previous_label&quot;:&quot;Anterior&quot;,&quot;step_type&quot;:&quot;number_text&quot;,&quot;step_icon_shape&quot;:&quot;circle&quot;}\" data-widget_type=\"form.default\">\n\t\t\t\t<div class=\"elementor-widget-container\">\n\t\t\t\t\t\t\t<form class=\"elementor-form\" method=\"post\" name=\"Contacto\" aria-label=\"Contacto\">\n\t\t\t<input type=\"hidden\" name=\"post_id\" value=\"30360\"\/>\n\t\t\t<input type=\"hidden\" name=\"form_id\" value=\"54fbc95\"\/>\n\t\t\t<input type=\"hidden\" name=\"referer_title\" value=\"Espect\u00e1culos\" \/>\n\n\t\t\t\t\t\t\t<input type=\"hidden\" name=\"queried_id\" value=\"30360\"\/>\n\t\t\t\n\t\t\t<div class=\"elementor-form-fields-wrapper elementor-labels-above\">\n\t\t\t\t\t\t\t\t<div class=\"elementor-field-type-text elementor-field-group elementor-column elementor-field-group-name elementor-col-100\">\n\t\t\t\t\t\t\t\t\t\t\t\t<label for=\"form-field-name\" class=\"elementor-field-label\">\n\t\t\t\t\t\t\t\tNombre y apellidos\t\t\t\t\t\t\t<\/label>\n\t\t\t\t\t\t\t\t\t\t\t\t\t\t<input size=\"1\" type=\"text\" name=\"form_fields[name]\" id=\"form-field-name\" class=\"elementor-field elementor-size-sm  elementor-field-textual\">\n\t\t\t\t\t\t\t\t\t\t\t<\/div>\n\t\t\t\t\t\t\t\t<div class=\"elementor-field-type-email elementor-field-group elementor-column elementor-field-group-email elementor-col-100 elementor-field-required\">\n\t\t\t\t\t\t\t\t\t\t\t\t<label for=\"form-field-email\" class=\"elementor-field-label\">\n\t\t\t\t\t\t\t\tEmail\t\t\t\t\t\t\t<\/label>\n\t\t\t\t\t\t\t\t\t\t\t\t\t\t<input size=\"1\" type=\"email\" name=\"form_fields[email]\" id=\"form-field-email\" class=\"elementor-field elementor-size-sm  elementor-field-textual\" required=\"required\">\n\t\t\t\t\t\t\t\t\t\t\t<\/div>\n\t\t\t\t\t\t\t\t<div class=\"elementor-field-type-textarea elementor-field-group elementor-column elementor-field-group-message elementor-col-100\">\n\t\t\t\t\t\t\t\t\t\t\t\t<label for=\"form-field-message\" class=\"elementor-field-label\">\n\t\t\t\t\t\t\t\tMensaje\t\t\t\t\t\t\t<\/label>\n\t\t\t\t\t\t<textarea class=\"elementor-field-textual elementor-field  elementor-size-sm\" name=\"form_fields[message]\" id=\"form-field-message\" rows=\"4\"><\/textarea>\t\t\t\t<\/div>\n\t\t\t\t\t\t\t\t<div class=\"elementor-field-type-acceptance elementor-field-group elementor-column elementor-field-group-field_ed26549 elementor-col-100\">\n\t\t\t\t\t\t\t\t\t\t\t\t<label for=\"form-field-field_ed26549\" class=\"elementor-field-label\">\n\t\t\t\t\t\t\t\tAcepto\t\t\t\t\t\t\t<\/label>\n\t\t\t\t\t\t\t\t<div class=\"elementor-field-subgroup\">\n\t\t\t<span class=\"elementor-field-option\">\n\t\t\t\t<input type=\"checkbox\" name=\"form_fields[field_ed26549]\" id=\"form-field-field_ed26549\" class=\"elementor-field elementor-size-sm  elementor-acceptance-field\">\n\t\t\t\t<label for=\"form-field-field_ed26549\">He le\u00eddo y acepto la Pol\u00edtica de Protecci\u00f3n de Datos. Autorizo el tratamiento de mis datos para poder recibir informaci\u00f3n por medios electr\u00f3nicos.<\/label>\t\t\t<\/span>\n\t\t<\/div>\n\t\t\t\t\t\t<\/div>\n\t\t\t\t\t\t\t\t<div class=\"elementor-field-type-hidden elementor-field-group elementor-column elementor-field-group-field_834dc29 elementor-col-100\">\n\t\t\t\t\t\t\t\t\t\t\t\t\t<input size=\"1\" type=\"hidden\" name=\"form_fields[field_834dc29]\" id=\"form-field-field_834dc29\" class=\"elementor-field elementor-size-sm  elementor-field-textual\">\n\t\t\t\t\t\t\t\t\t\t\t<\/div>\n\t\t\t\t\t\t\t\t<div class=\"elementor-field-type-recaptcha elementor-field-group elementor-column elementor-field-group-field_3b1500f elementor-col-100\">\n\t\t\t\t\t<div class=\"elementor-field\" id=\"form-field-field_3b1500f\"><div class=\"elementor-g-recaptcha\" data-sitekey=\"6LfFTH4rAAAAANV4ghACwD0efPl5Bf4VBsO6ujek\" data-type=\"v2_checkbox\" data-theme=\"light\" data-size=\"normal\"><\/div><\/div>\t\t\t\t<\/div>\n\t\t\t\t\t\t\t\t<div class=\"elementor-field-type-text\">\n\t\t\t\t\t<input size=\"1\" type=\"text\" name=\"form_fields[field_f105b7c]\" id=\"form-field-field_f105b7c\" class=\"elementor-field elementor-size-sm \" style=\"display:none !important;\">\t\t\t\t<\/div>\n\t\t\t\t\t\t\t\t<div class=\"elementor-field-group elementor-column elementor-field-type-submit elementor-col-20 e-form__buttons\">\n\t\t\t\t\t<button class=\"elementor-button elementor-size-sm\" type=\"submit\">\n\t\t\t\t\t\t<span class=\"elementor-button-content-wrapper\">\n\t\t\t\t\t\t\t\t\t\t\t\t\t\t\t\t\t\t\t\t\t\t<span class=\"elementor-button-text\">Enviar<\/span>\n\t\t\t\t\t\t\t\t\t\t\t\t\t<\/span>\n\t\t\t\t\t<\/button>\n\t\t\t\t<\/div>\n\t\t\t<\/div>\n\t\t<\/form>\n\t\t\t\t\t\t<\/div>\n\t\t\t\t<\/div>\n\t\t\t\t\t<\/div>\n\t\t\t\t<\/div>\n\t\t\t\t<\/div>\n\t\t","protected":false},"excerpt":{"rendered":"<p>Ven a disfrutar de los espect\u00e1culos del Parque Astron\u00f3mico Monta\u00f1as de Prades Selene Es un viaje trepidante a la Luna, [&hellip;]<\/p>\n","protected":false},"author":5,"featured_media":0,"parent":0,"menu_order":0,"comment_status":"closed","ping_status":"closed","template":"","meta":{"_acf_changed":false,"site-sidebar-layout":"no-sidebar","site-content-layout":"","ast-site-content-layout":"full-width-container","site-content-style":"default","site-sidebar-style":"default","ast-global-header-display":"","ast-banner-title-visibility":"","ast-main-header-display":"","ast-hfb-above-header-display":"","ast-hfb-below-header-display":"","ast-hfb-mobile-header-display":"","site-post-title":"disabled","ast-breadcrumbs-content":"","ast-featured-img":"disabled","footer-sml-layout":"","theme-transparent-header-meta":"","adv-header-id-meta":"","stick-header-meta":"","header-above-stick-meta":"","header-main-stick-meta":"","header-below-stick-meta":"","astra-migrate-meta-layouts":"default","ast-page-background-enabled":"default","ast-page-background-meta":{"desktop":{"background-color":"var(--ast-global-color-5)","background-image":"","background-repeat":"repeat","background-position":"center center","background-size":"auto","background-attachment":"scroll","background-type":"","background-media":"","overlay-type":"","overlay-color":"","overlay-opacity":"","overlay-gradient":""},"tablet":{"background-color":"","background-image":"","background-repeat":"repeat","background-position":"center center","background-size":"auto","background-attachment":"scroll","background-type":"","background-media":"","overlay-type":"","overlay-color":"","overlay-opacity":"","overlay-gradient":""},"mobile":{"background-color":"","background-image":"","background-repeat":"repeat","background-position":"center center","background-size":"auto","background-attachment":"scroll","background-type":"","background-media":"","overlay-type":"","overlay-color":"","overlay-opacity":"","overlay-gradient":""}},"ast-content-background-meta":{"desktop":{"background-color":"var(--ast-global-color-4)","background-image":"","background-repeat":"repeat","background-position":"center center","background-size":"auto","background-attachment":"scroll","background-type":"","background-media":"","overlay-type":"","overlay-color":"","overlay-opacity":"","overlay-gradient":""},"tablet":{"background-color":"var(--ast-global-color-4)","background-image":"","background-repeat":"repeat","background-position":"center center","background-size":"auto","background-attachment":"scroll","background-type":"","background-media":"","overlay-type":"","overlay-color":"","overlay-opacity":"","overlay-gradient":""},"mobile":{"background-color":"var(--ast-global-color-4)","background-image":"","background-repeat":"repeat","background-position":"center center","background-size":"auto","background-attachment":"scroll","background-type":"","background-media":"","overlay-type":"","overlay-color":"","overlay-opacity":"","overlay-gradient":""}},"footnotes":""},"class_list":["post-30360","page","type-page","status-publish","hentry"],"acf":[],"_links":{"self":[{"href":"https:\/\/www.parcastronomicprades.cat\/es\/wp-json\/wp\/v2\/pages\/30360","targetHints":{"allow":["GET"]}}],"collection":[{"href":"https:\/\/www.parcastronomicprades.cat\/es\/wp-json\/wp\/v2\/pages"}],"about":[{"href":"https:\/\/www.parcastronomicprades.cat\/es\/wp-json\/wp\/v2\/types\/page"}],"author":[{"embeddable":true,"href":"https:\/\/www.parcastronomicprades.cat\/es\/wp-json\/wp\/v2\/users\/5"}],"replies":[{"embeddable":true,"href":"https:\/\/www.parcastronomicprades.cat\/es\/wp-json\/wp\/v2\/comments?post=30360"}],"version-history":[{"count":75,"href":"https:\/\/www.parcastronomicprades.cat\/es\/wp-json\/wp\/v2\/pages\/30360\/revisions"}],"predecessor-version":[{"id":102404,"href":"https:\/\/www.parcastronomicprades.cat\/es\/wp-json\/wp\/v2\/pages\/30360\/revisions\/102404"}],"wp:attachment":[{"href":"https:\/\/www.parcastronomicprades.cat\/es\/wp-json\/wp\/v2\/media?parent=30360"}],"curies":[{"name":"wp","href":"https:\/\/api.w.org\/{rel}","templated":true}]}}